{"id":1161,"date":"2025-01-06T13:39:26","date_gmt":"2025-01-06T12:39:26","guid":{"rendered":"https:\/\/ulihoffmeier-99a1bzfn.live-website.com\/?page_id=1161"},"modified":"2025-01-06T14:08:16","modified_gmt":"2025-01-06T13:08:16","slug":"ws-provence-2016","status":"publish","type":"page","link":"https:\/\/www.uli-hoffmeier.de\/de\/workshops-lessons\/workshop-jazzguitar-provence\/ws-provence-2016\/","title":{"rendered":"WS Provence 2016"},"content":{"rendered":"\t\t<div data-elementor-type=\"wp-page\" data-elementor-id=\"1161\" class=\"elementor elementor-1161\" data-elementor-post-type=\"page\">\n\t\t\t\t<div class=\"elementor-element elementor-element-3b6b6f9 e-flex e-con-boxed e-con e-parent\" data-id=\"3b6b6f9\" data-element_type=\"container\" data-e-type=\"container\">\n\t\t\t\t\t<div class=\"e-con-inner\">\n\t\t\t\t<div class=\"elementor-element elementor-element-6029a95 elementor-widget elementor-widget-heading\" data-id=\"6029a95\" data-element_type=\"widget\" data-e-type=\"widget\" data-widget_type=\"heading.default\">\n\t\t\t\t<div class=\"elementor-widget-container\">\n\t\t\t\t\t<h1 class=\"elementor-heading-title elementor-size-default\">Workshop Jazzguitar Provence 2016<\/h1>\t\t\t\t<\/div>\n\t\t\t\t<\/div>\n\t\t\t\t<div class=\"elementor-element elementor-element-7823131 elementor-widget elementor-widget-heading\" data-id=\"7823131\" data-element_type=\"widget\" data-e-type=\"widget\" data-widget_type=\"heading.default\">\n\t\t\t\t<div class=\"elementor-widget-container\">\n\t\t\t\t\t<h2 class=\"elementor-heading-title elementor-size-default\">R\u00fcckblick 2016<\/h2>\t\t\t\t<\/div>\n\t\t\t\t<\/div>\n\t\t\t\t<div class=\"elementor-element elementor-element-68126d7 elementor-widget elementor-widget-text-editor\" data-id=\"68126d7\" data-element_type=\"widget\" data-e-type=\"widget\" data-widget_type=\"text-editor.default\">\n\t\t\t\t<div class=\"elementor-widget-container\">\n\t\t\t\t\t\t\t\t\t<p class=\"bodytext\">Der 12.Internationale \u201eWorkshop Jazzguitar Provence 2016\u201c liegt nun schon ein paar Wochen hinter uns und war wie auch in den letzten Jahren ein gro\u00dfer Erfolg, trotz einiger kleinerer und gr\u00f6\u00dferer Schwierigkeit:<\/p><ul><li><p>Dozent Jack Wilkins konnte wegen Krankheit nicht kommen und sagte einen Tag vor Beginn ab; ein Ersatzdozent mu\u00dfte gefunden werden<\/p><\/li><li><p>Teilnehmer mu\u00dften aus privaten Gr\u00fcnden absagen oder eher abfahren, Motor- und Blechsch\u00e4den f\u00fchrten zu Beeintr\u00e4chtigung einiger Hin- oder R\u00fcckreisen<\/p><\/li><li><p>das Abschlu\u00dfkonzert konnte nicht wie in den letzten Jahren in dem modernen und sch\u00f6nen Salle Agora stattfinden<\/p><\/li><\/ul><p class=\"bodytext\">Aber zum Ablauf: Das Hotel \u201eVal Baussenc\u201c \u00fcberrascht ja jedes Jahr mit der einen oder anderen Modernisierung, dieses mal aber war es die komplette Umgestaltung des bisherigen Seminarraumes in eine Bar mit Restaurant, der Neubau eines Sauna\/Fitnesskomplexes im Poolbereich sowie der Anbau von zwei neuen, behindertengerechten Zimmern. Trotz geteilter Meinung zum Stil der Modernisierung haben wir den neuen E\u00dfsaal mit Leben, und das hei\u00dft vor allem mit Musik gef\u00fcllt: wir nutzten ihn als Seminarraum und hatten dort auch manch sch\u00f6ne Session.<\/p>\t\t\t\t\t\t\t\t<\/div>\n\t\t\t\t<\/div>\n\t\t\t\t\t<\/div>\n\t\t\t\t<\/div>\n\t\t<div class=\"elementor-element elementor-element-b9f3789 e-flex e-con-boxed e-con e-parent\" data-id=\"b9f3789\" data-element_type=\"container\" data-e-type=\"container\">\n\t\t\t\t\t<div class=\"e-con-inner\">\n\t\t<div class=\"elementor-element elementor-element-fcf1220 e-con-full e-flex e-con e-child\" data-id=\"fcf1220\" data-element_type=\"container\" data-e-type=\"container\">\n\t\t\t\t<div class=\"elementor-element elementor-element-765cc04 elementor-widget elementor-widget-image\" data-id=\"765cc04\" data-element_type=\"widget\" data-e-type=\"widget\" data-widget_type=\"image.default\">\n\t\t\t\t<div class=\"elementor-widget-container\">\n\t\t\t\t\t\t\t\t\t\t\t\t\t\t\t\t<a href=\"https:\/\/www.uli-hoffmeier.de\/wp-content\/uploads\/2025\/01\/image-8.jpeg\" data-elementor-open-lightbox=\"yes\" data-e-action-hash=\"#elementor-action%3Aaction%3Dlightbox%26settings%3DeyJpZCI6MTE0OCwidXJsIjoiaHR0cHM6XC9cL3d3dy51bGktaG9mZm1laWVyLmRlXC93cC1jb250ZW50XC91cGxvYWRzXC8yMDI1XC8wMVwvaW1hZ2UtOC5qcGVnIn0%3D\">\n\t\t\t\t\t\t\t<img decoding=\"async\" src=\"https:\/\/www.uli-hoffmeier.de\/wp-content\/uploads\/2025\/01\/image-8.jpeg\" title=\"\" alt=\"\" loading=\"lazy\" \/>\t\t\t\t\t\t\t\t<\/a>\n\t\t\t\t\t\t\t\t\t\t\t\t\t\t\t<\/div>\n\t\t\t\t<\/div>\n\t\t\t\t<\/div>\n\t\t<div class=\"elementor-element elementor-element-ee9be86 e-con-full e-flex e-con e-child\" data-id=\"ee9be86\" data-element_type=\"container\" data-e-type=\"container\">\n\t\t\t\t<div class=\"elementor-element elementor-element-915e7d0 elementor-widget elementor-widget-text-editor\" data-id=\"915e7d0\" data-element_type=\"widget\" data-e-type=\"widget\" data-widget_type=\"text-editor.default\">\n\t\t\t\t<div class=\"elementor-widget-container\">\n\t\t\t\t\t\t\t\t\t<p class=\"bodytext\">Jeden Morgen nach dem Fr\u00fchst\u00fcck brachte <strong>J\u00fcrgen Haufer<\/strong> die Gitarristen und mitgereisten Partnerinnen mit \u201eSingen und Schwingen\u201c auf Trab. Neben einfachen, f\u00fcr alle sofort nachvollziehbaren Stimm- und Artikulations\u00fcbungen, lernten wir u.a. auch den Kanon \u201eRhythm of Life\u201c, der beim Abschlu\u00dfkonzert dann auch von allen gemeinsam vorgetragen wurde. Bei der \u201eSoundmachine\u201c produzierten wir Maschinenger\u00e4usche mit entsprechenden Bewegungen, wobei wir ganz nebenbei lernten, aufeinander zu h\u00f6ren und zu reagieren. Das machte so viel Spa\u00df, da\u00df wir das St\u00fcck zur Er\u00f6ffnung des Abschlu\u00dfkonzertes ausw\u00e4hlten.<\/p><p class=\"bodytext\">\u00a0<\/p>\t\t\t\t\t\t\t\t<\/div>\n\t\t\t\t<\/div>\n\t\t\t\t<\/div>\n\t\t\t\t\t<\/div>\n\t\t\t\t<\/div>\n\t\t<div class=\"elementor-element elementor-element-b232d10 e-flex e-con-boxed e-con e-parent\" data-id=\"b232d10\" data-element_type=\"container\" data-e-type=\"container\">\n\t\t\t\t\t<div class=\"e-con-inner\">\n\t\t<div class=\"elementor-element elementor-element-d30eec4 e-con-full e-flex e-con e-child\" data-id=\"d30eec4\" data-element_type=\"container\" data-e-type=\"container\">\n\t\t\t\t<div class=\"elementor-element elementor-element-8b31380 elementor-widget elementor-widget-image\" data-id=\"8b31380\" data-element_type=\"widget\" data-e-type=\"widget\" data-widget_type=\"image.default\">\n\t\t\t\t<div class=\"elementor-widget-container\">\n\t\t\t\t\t\t\t\t\t\t\t\t\t\t\t\t<a href=\"https:\/\/www.uli-hoffmeier.de\/wp-content\/uploads\/2025\/01\/image-11.jpeg\" data-elementor-open-lightbox=\"yes\" data-elementor-lightbox-title=\"image\" data-e-action-hash=\"#elementor-action%3Aaction%3Dlightbox%26settings%3DeyJpZCI6MTE3MiwidXJsIjoiaHR0cHM6XC9cL3d3dy51bGktaG9mZm1laWVyLmRlXC93cC1jb250ZW50XC91cGxvYWRzXC8yMDI1XC8wMVwvaW1hZ2UtMTEuanBlZyJ9\">\n\t\t\t\t\t\t\t<img decoding=\"async\" src=\"https:\/\/www.uli-hoffmeier.de\/wp-content\/uploads\/2025\/01\/image-11.jpeg\" title=\"image\" alt=\"image\" loading=\"lazy\" \/>\t\t\t\t\t\t\t\t<\/a>\n\t\t\t\t\t\t\t\t\t\t\t\t\t\t\t<\/div>\n\t\t\t\t<\/div>\n\t\t\t\t<\/div>\n\t\t<div class=\"elementor-element elementor-element-371e5c3 e-con-full e-flex e-con e-child\" data-id=\"371e5c3\" data-element_type=\"container\" data-e-type=\"container\">\n\t\t\t\t<div class=\"elementor-element elementor-element-8da6f87 elementor-widget elementor-widget-text-editor\" data-id=\"8da6f87\" data-element_type=\"widget\" data-e-type=\"widget\" data-widget_type=\"text-editor.default\">\n\t\t\t\t<div class=\"elementor-widget-container\">\n\t\t\t\t\t\t\t\t\t<p class=\"bodytext\">\u201eErsatz\u201c-Dozent <strong>Philip Catherine<\/strong> war f\u00fcr viele Teilnehmer ein Guitar Hero aus fr\u00fchen Jahren. Er ist sicher kein ausgewiesener Lehrer, aber konnte durch sein Spiel und seine demonstrierten \u00dcbungsmethoden inspirieren. Ich hatte ihn schon einmal vor einigen Jahren kontaktiert und war froh, da\u00df er spontan f\u00fcr Jack Wilkins einspringen konnte. Leider mu\u00dfte er uns am Samstag morgen wegen eines Konzertes in Br\u00fcssel verlassen und konnte so bei unserem Abschlu\u00dfkonzert nicht mehr dabei sein.<\/p>\t\t\t\t\t\t\t\t<\/div>\n\t\t\t\t<\/div>\n\t\t\t\t<\/div>\n\t\t\t\t\t<\/div>\n\t\t\t\t<\/div>\n\t\t<div class=\"elementor-element elementor-element-5d3476c e-flex e-con-boxed e-con e-parent\" data-id=\"5d3476c\" data-element_type=\"container\" data-e-type=\"container\">\n\t\t\t\t\t<div class=\"e-con-inner\">\n\t\t\t\t<div class=\"elementor-element elementor-element-584e753 elementor-widget elementor-widget-text-editor\" data-id=\"584e753\" data-element_type=\"widget\" data-e-type=\"widget\" data-widget_type=\"text-editor.default\">\n\t\t\t\t<div class=\"elementor-widget-container\">\n\t\t\t\t\t\t\t\t\t<p class=\"bodytext\">Der Unterricht in meiner Gruppe war &#8211; wie in meinen Workshops \u00fcblich &#8211; durch ein vorbereitetes Skript strukturiert, das die verschiedenen Aspekte des diesj\u00e4hrigen Themas \u201eH\u00f6ren-Singen-Spielen\u201c vorstellte: Was h\u00f6ren wir, wenn wir h\u00f6ren? Wie k\u00f6nnen wir unser H\u00f6ren schulen? Wie werden Jazzphrasen swingend artikuliert und wie kann man sie auf die Gitarre \u00fcbertragen? \u00dcberraschend stellten viele Teilnehmer fest, da\u00df sie viel jazziger klangen, wenn sie einfache, zuvor im \u201einneren Ohr\u201c geh\u00f6rten Jazzphrasen sangen und diese dann auf der Gitarre \u201enach\u201cspielten.<\/p><p class=\"bodytext\">Beim Abschlu\u00dfkonzert am Samstag abend wurde dann eine gro\u00dfe Bandbreite an Jazz geboten: neben dem schon erw\u00e4hnten Opener \u201eSoundmaschine\u201c und dem gemeinsam mit unseren mitgereisten Frauen gesungenen Kanon \u201eRhythm of Life\u201c gab es Titel aus den fr\u00fchen Tagen des Jazz, Standards aus dem Great American Songbook, Funk, Latin und nat\u00fcrlich auch Gypsy Swing. Ein besonderes Highlight war ein im Western Swing von unserem weitgereisten Kanadier Ron gesungener Titel, bei dem neben Gitarre und Bass auch Mandoline und Geige zum Einsatz kamen. Beispiele modernerer Spielweisen waren das Charlie Haden\/Pat Matheny St\u00fcck \u201eOur Spanish Love Song\u201c und das von J\u00fcrgen Haufer gesungene \u201eAugust Winds\u201c, eine Komposition von Sting. Nat\u00fcrlich durfte auch ein Blues nicht fehlen: Centerpiece. Ich hatte die \u201eMoritat von Meckie Messer\u201c von Weill\/Brecht als gemeinsames, von allen gespieltes St\u00fcck aus dem \u201eGerman Songbook\u201c ausgesucht und in meinem Kurs erarbeitet.<\/p><p class=\"bodytext\">Frank hatte sich freundlicherweise um die Einrichtung der PA gek\u00fcmmert und unterst\u00fctzte einige Formationen mit seinem versierten Basspiel \u2013 so wie zuvor auch schon viele Sessions im Hotel.<\/p><p class=\"bodytext\">Der Unterschied zu den Konzerten der letzten Jahre war das deutlich h\u00f6here Spielniveau, die gr\u00f6\u00dfere Sicherheit beim Auftreten sowie die gro\u00dfartige Darbietung der S\u00e4nger! Obwohl der Salle Favier deutlich kleiner ist und weniger geeignet scheint als der Salle Agora (dort waren wir in den letzten Jahren), haben wir das wieder zahlreich erschienene Publikum begeistern k\u00f6nnen und es zu einer sehr positiven Konzertkritik in der Lokalpresse geschafft. Mr. Lopez von der Stadtverwaltung lie\u00df es sich nicht nehmen, die Gru\u00dfworte in Franz\u00f6sisch, Deutsche und Englisch an uns und das Publikum zu richten und lud anschlie\u00dfend zu einem kleinen Umtrunk ein.<\/p><p class=\"bodytext\">Nach dem Konzert gab es im Hotel die offizielle \u00dcbergabe der Teilnahmezertifikate die leider wegen des Dozentenwechsels nicht in der gewohnten Qualit\u00e4t und Anzahl vorhanden waren. Das st\u00f6rte zum Gl\u00fcck niemanden und so konnten wir bei einem Glas Ros\u00e9 Champagner auf die gelungene Woche ansto\u00dfen und der Hotelcrew noch ein St\u00e4ndchen bringen.<\/p><p class=\"bodytext\">In diesem Jahr hatten wir etwas Pech mit dem Wetter: erst blies der Mistral, dann gab es eine Unwetterwarnung und zwei Tage Regen. Insgesamt war es nicht so warm wie gewohnt und deshalb konnte drau\u00dfen nicht unterrichtet und selten gejamt werden. Hoffentlich lacht uns im n\u00e4chsten Jahr wieder die Sonne!<\/p><p class=\"bodytext\">Die Entwicklung des \u201eWorkshop Jazzguitar Provence\u201c wird von den meisten Teilnehmer positiv bewertet: seit zwei Jahren gibt es ein zus\u00e4tzliches Angebot, das sich an alle, also auch die mitreisenden Partner und Partnerinnen richtet und das eine gemeinsame (Musik)Erfahrung und Inspiration abseits der Gitarre erm\u00f6glicht. Dadurch werden \u201eNeue\u201c noch besser integriert und eine Alternative zum Konkurenzgedanken des \u201eH\u00f6her, Schneller, Weiter\u201c geboten. Dem eigentlichen Gitarrenkurs geht dabei nichts verloren, ja im Gegenteil: die halbe Stunde \u201eWarm-up\u201c am Morgen wirkt wie eine Erg\u00e4nzung und Vertiefung des Kursthemas. Auch finanziell schl\u00e4gt dieser Extraservice nicht zu Buche! Den Vorschlag, das Fr\u00fchst\u00fcck bereits um 9:30 zu beenden und dann mit dem Zusatzprogramm zu beginnen, damit wir wie bisher gegen 13:00 Uhr mit dem Unterricht fertig sind und im Ort auch noch etwas zu Essen bekommen werde ich gern nach R\u00fccksprache mit dem Hotel aufgreifen.<\/p><p class=\"bodytext\">Im n\u00e4chsten Jahr werde ich mich zusammen mit James Chirillo dem Thema \u201eRhythm is it\u201c widmen. James Chirillo habe ich in disem Jahr pers\u00f6nlich in New York kennen gelernt und ihn bei seiner Arbeit u.a. im \u201eJazz at the Lincoln Center Orchstra\u201c bewundern d\u00fcrfen. Er ist auch ein versierter Combospieler und unterrichtet an mehreren Schulen in New York. Es wird nat\u00fcrlich nicht nur um \u201eRhyhtmusgitarre\u201c gehen, sondern um Rhythmus und Timing im allgemeinen und um Rhythmus beim Solospiel, u.a. die Abwechslung von Pausen und Spielen (play\/rest approach), Schl\u00fcsselrhythmen des Jazz, M\u00f6glichkeiten ein Thema oder ein Solo durch rhythmische Varianten zu gestalten, Mikrotiming, Double- und Halftime und und und \u2026<\/p><p class=\"bodytext\">Ich werde mich &#8211; nach Absprache mit dem Hotel &#8211; darum bem\u00fchen, einen weiteren Vorschlag auf zu greifen und den Workshop einen Tag eher beginnen zu lassen. Das w\u00fcrde hei\u00dfen, da\u00df wir am Sonntag abend mit dem gemeinsamen Diner beginnen und am Montag der erste Unterricht stattfindet. Es w\u00fcrde aber auch hei\u00dfen, da\u00df die Kosten einer zus\u00e4tzlichen Hotel\u00fcbernachtung dazuk\u00e4men sowie die Kosten f\u00fcr einen zus\u00e4tzlichen Workshoptag. Bitte teilt mir unbedingt eure Meinung dazu mit, es ist nocht nichts entschieden! Ich freu mich dar\u00fcber hinaus \u00fcber jede Anregung und Kritik, Wunschdozenten oder Verbesserungsvorschl\u00e4ge.<\/p><p class=\"bodytext\">Im Januar 2017 werde ich in einer Email dar\u00fcber informieren, ab wann die offizielle Anmeldung f\u00fcr den \u201eWorkshop Jazzguitar Provence\u201c 2017 vom 8.10.2107 bzw. 9.10.2017 bis zum 15.10.2107 m\u00f6glich ist. Bis dahin w\u00fcnsch ich euch viel Zeit, Energie und Erfolg beim Umsetzen des bisher Gelernten und nat\u00fcrlich beim Jammen und Spielen.<\/p>\t\t\t\t\t\t\t\t<\/div>\n\t\t\t\t<\/div>\n\t\t\t\t\t<\/div>\n\t\t\t\t<\/div>\n\t\t<div class=\"elementor-element elementor-element-ddad327 e-flex e-con-boxed e-con e-parent\" data-id=\"ddad327\" data-element_type=\"container\" data-e-type=\"container\">\n\t\t\t\t\t<div class=\"e-con-inner\">\n\t\t<div class=\"elementor-element elementor-element-86ea3c5 e-con-full e-flex e-con e-child\" data-id=\"86ea3c5\" data-element_type=\"container\" data-e-type=\"container\">\n\t\t\t\t<div class=\"elementor-element elementor-element-dbe0647 elementor-widget elementor-widget-image\" data-id=\"dbe0647\" data-element_type=\"widget\" data-e-type=\"widget\" data-widget_type=\"image.default\">\n\t\t\t\t<div class=\"elementor-widget-container\">\n\t\t\t\t\t\t\t\t\t\t\t\t\t\t\t\t<a href=\"https:\/\/www.uli-hoffmeier.de\/wp-content\/uploads\/2025\/01\/image-12.jpeg\" data-elementor-open-lightbox=\"yes\" data-elementor-lightbox-title=\"image\" data-e-action-hash=\"#elementor-action%3Aaction%3Dlightbox%26settings%3DeyJpZCI6MTE4MCwidXJsIjoiaHR0cHM6XC9cL3d3dy51bGktaG9mZm1laWVyLmRlXC93cC1jb250ZW50XC91cGxvYWRzXC8yMDI1XC8wMVwvaW1hZ2UtMTIuanBlZyJ9\">\n\t\t\t\t\t\t\t<img decoding=\"async\" src=\"https:\/\/www.uli-hoffmeier.de\/wp-content\/uploads\/2025\/01\/image-12.jpeg\" title=\"image\" alt=\"image\" loading=\"lazy\" \/>\t\t\t\t\t\t\t\t<\/a>\n\t\t\t\t\t\t\t\t\t\t\t\t\t\t\t<\/div>\n\t\t\t\t<\/div>\n\t\t\t\t<\/div>\n\t\t<div class=\"elementor-element elementor-element-712f2e9 e-con-full e-flex e-con e-child\" data-id=\"712f2e9\" data-element_type=\"container\" data-e-type=\"container\">\n\t\t\t\t<div class=\"elementor-element elementor-element-169856a elementor-widget elementor-widget-text-editor\" data-id=\"169856a\" data-element_type=\"widget\" data-e-type=\"widget\" data-widget_type=\"text-editor.default\">\n\t\t\t\t<div class=\"elementor-widget-container\">\n\t\t\t\t\t\t\t\t\t<p class=\"align-justify\" lang=\"zxx\"><b>Uli Hoffmeier &#8211; <\/b>vielen von euch brauche ich mich ja nicht mehr vorzustellen: seit 20 Jahren bediene ich die (Rhythmus-)Gitarre im Palastorchester &#8211; neben so exotischen Instrumenten wie Banjo, Geige, Balalaika, Ukulele, Mandoline und nat\u00fcrlich Singende S\u00e4ge. Au\u00dferdem habe ich das &#8222;Premier Swingtett&#8220; und das Gitarrenduo &#8222;Gitarresque&#8220; ins Leben gerufen. Meine \u00fcber die Jahre gewonnen Erfahrungen beim Spielen und Unterrichten lassen mich folgende Schwerpunkte setzen: das Spielerische, das Gemeinsame, das Kommunikative der Musik.<\/p>\t\t\t\t\t\t\t\t<\/div>\n\t\t\t\t<\/div>\n\t\t\t\t<\/div>\n\t\t\t\t\t<\/div>\n\t\t\t\t<\/div>\n\t\t<div class=\"elementor-element elementor-element-7bca961 e-flex e-con-boxed e-con e-parent\" data-id=\"7bca961\" data-element_type=\"container\" data-e-type=\"container\">\n\t\t\t\t\t<div class=\"e-con-inner\">\n\t\t\t\t<div class=\"elementor-element elementor-element-ad72898 elementor-widget elementor-widget-heading\" data-id=\"ad72898\" data-element_type=\"widget\" data-e-type=\"widget\" data-widget_type=\"heading.default\">\n\t\t\t\t<div class=\"elementor-widget-container\">\n\t\t\t\t\t<h2 class=\"elementor-heading-title elementor-size-default\">Der Veranstaltungsort<\/h2>\t\t\t\t<\/div>\n\t\t\t\t<\/div>\n\t\t\t\t<div class=\"elementor-element elementor-element-170ce6f elementor-widget elementor-widget-text-editor\" data-id=\"170ce6f\" data-element_type=\"widget\" data-e-type=\"widget\" data-widget_type=\"text-editor.default\">\n\t\t\t\t<div class=\"elementor-widget-container\">\n\t\t\t\t\t\t\t\t\t<p class=\"bodytext\">Das Hotel Relais du Silence Val Baussenc <a class=\"linkExt\" href=\"http:\/\/www.valbaussenc.com\/\" target=\"_blank\" rel=\"noopener\"><img decoding=\"async\" src=\"http:\/\/www.uli-hoffmeier.de\/6\/fileadmin\/uli-templates\/link_ext.gif\" alt=\"\" width=\"8\" height=\"8\" border=\"0\" \/>\u00a0(www.valbaussenc.com<\/a>) liegt am \u00f6stlichen Ortsausgang von Maussane-Les-Alpilles, einem typischen, provenzalischen Ort am Rand der Alpilles. Dieser 12 Kilometer s\u00fcdliche von Avignon gelegene H\u00f6henzug trennt die n\u00f6rdlich gelegene kleine Crau von der eigentlichen, s\u00fcdlich gelegenen Crau, die in die Camargue \u00fcbergeht. Der Ort hat einen idyllischen Marktplatz, auf dem einmal w\u00f6chentlich Markttag ist und eine Oliven\u00f6lm\u00fchle, die eines der besten \u00d6le Frankreichs produziert. In der N\u00e4he gibt es zahlreiche Weing\u00fcter, die hochwertige aber z.T. auch hochpreisige Weine keltern. Die Camargue ist ca. eine halbe Stunde Autofahrt entfernt. Das an der Rhone gelegene Arles mit der r\u00f6mischen Arena liegt nur ein paar Kilometer westlich von Maussane. Die weltber\u00fchmte Ruine\u00a0Les Baux blickt von schroffen Kalkfelsen\u00a0auf Maussane herab. N\u00f6rdlich davon, auf der anderen Seite der Alpilles, liegt das kleine St\u00e4dtchen St. R\u00e9my, in dem u.a. Nostradamus lebte und in dem VanGogh einige seiner ber\u00fchmtesten Bilder malte.<\/p><div><p class=\"align-justify\" lang=\"zxx\">Das Hotel befindet sich nur wenige Gehminuten vom Dorfzentrum entfernt. Es ist ein Drei-Sterne-Haus und liegt &#8211; umgeben von Olivenb\u00e4umen und Pappeln &#8211; ruhig und zur\u00fcckgesetzt von der Stra\u00dfe. Die 25 gem\u00fctlichen Zimmer (zwei als behindertengerecht ausgewiesen) bieten Ausblick ins Gr\u00fcne. Der Au\u00dfenbereich wird von einer park\u00e4hnlichen Gr\u00fcnanlage bestimmt, auch ein Pool steht den Hotelg\u00e4sten zur Verf\u00fcgung sowie ab 2016 eine Sauna bzw. Hamam. Beim Betreten des Hotels befindet man sich in einer ausgedehnten Lobby mit Kamin, in der allabendlich spontane Sessions stattfinden<\/p><p class=\"align-justify\" lang=\"zxx\">Vom Restaurant hat man einen sch\u00f6nen Blick in den Park und beim abendlichen Vier-Gang-Menu (Vorspeise, Hauptgang, Dessert, K\u00e4se, incl. Wein und Kaffee) \u00fcberzeugt die K\u00fcche mit typisch provenzalischen K\u00f6stlichkeiten. Eine schmucke Terrasse, dicht umwuchert von Weinreben, l\u00e4dt zum Jammen, Kl\u00f6nen und Fachsimpeln beim nachmitt\u00e4glichen Pastis ein. Die Lobby, das Restaurant sowie ein Seminarraum bieten Platz f\u00fcr den t\u00e4glichen Unterricht.<\/p><\/div>\t\t\t\t\t\t\t\t<\/div>\n\t\t\t\t<\/div>\n\t\t\t\t<div class=\"elementor-element elementor-element-c4268d6 elementor-widget elementor-widget-heading\" data-id=\"c4268d6\" data-element_type=\"widget\" data-e-type=\"widget\" data-widget_type=\"heading.default\">\n\t\t\t\t<div class=\"elementor-widget-container\">\n\t\t\t\t\t<h2 class=\"elementor-heading-title elementor-size-default\">Der Kurs<\/h2>\t\t\t\t<\/div>\n\t\t\t\t<\/div>\n\t\t\t\t<div class=\"elementor-element elementor-element-2bad14e elementor-widget elementor-widget-text-editor\" data-id=\"2bad14e\" data-element_type=\"widget\" data-e-type=\"widget\" data-widget_type=\"text-editor.default\">\n\t\t\t\t<div class=\"elementor-widget-container\">\n\t\t\t\t\t\t\t\t\t<p class=\"align-justify\" lang=\"zxx\">Am Anreisetag (10.10.2016) treffen wir uns vor dem gemeinsamen Abendessen um ca. 19.00 Uhr zum Kennenlernen und Austausch eventuell noch n\u00f6tiger Informationen. Erster Kurstag ist dann der 11.Oktober, letzter Kurstag der 15. Oktober, Abfahrt ist am 16.10.2016 nach dem Fr\u00fchst\u00fcck (6 N\u00e4chte).<\/p><p class=\"bodytext\" lang=\"zxx\">Der Unterricht findet statt:<\/p><ul><li class=\"bodytext\" lang=\"zxx\">Dienstag, Donnerstag, Freitag und Samstag von 10.30- 13.30 Uhr.<\/li><li class=\"bodytext\" lang=\"zxx\">Mittwoch von 15.00 bis 18.00 (wegen Besuch des provencalischen Marktes in St. R\u00e9my)<\/li><\/ul><p class=\"align-justify\" lang=\"zxx\">Thema des Kurses: &#8222;H\u00f6ren-Singen-Spielen&#8220;. Der Workshop will die Teilnehmer dazu anleiten, der eigenen, inneren Stimme zu lauschen und sie auf die Gitarre zu \u00fcbertragen. Dabei hilft es, unsere stimmlichen F\u00e4higkeiten durch Jazzphrasierung und Lieder zu wecken und zu entwicklen wobei uns J\u00fcrgen Hauffer jeden morgen nach dem Fr\u00fchst\u00fcck eine halbe Stunde zur Verf\u00fcgung steht. Zu diesen Einsing- und Einschwing\u00fcbungen sind alle mitreisenden Partner und Partnerinnen herzlich eingeladen. Vielleicht k\u00f6nnen wir ja zum Abschlu\u00dfkonzert den einen oder anderen Song als Gruppe beisteuern \u2013 mit Gitarrenbegleitung? Die Jazzartikulation werden wir auf der Gitarre an Hand von \u00dcbungen und Jazzkompositionen und deren Interpretation \u00fcben und vertiefen.<\/p><p class=\"align-justify\" lang=\"zxx\">Es werden zwei Unterrichtsgruppen gebildet mit je einem Dozenten: eine &#8222;Fortgeschrittene&#8220; (Advanced) und eine &#8222;Weniger Fortgeschrittene&#8220; (Basic). Jeder Teilnehmer f\u00e4llt selbst die Entscheidung, in welche Gruppe er gehen m\u00f6chte. Da jede Gruppe die gleiche Anzahl von Teilnehmern haben soll, halte ich mir die M\u00f6glichkeit offen, bei \u00dcberbelegung einer Gruppe oder im Zweifel die Einteilung vor zu nehmen. Die Gruppen wechseln den Dozenten nach der H\u00e4lfte der Zeit, jeder Teilnehmer hat also genauso lange Unterricht bei jedem Dozenten.<\/p><p class=\"align-justify\" lang=\"zxx\">Unterrichtssprache bei Jack ist Englisch, bei Uli \u201eFradenglisch\u201c (Franz\u00f6sich, Deutsch, Englisch). Wie jedes Jahr wird es auch diesmal viel Gelegenheit f\u00fcr spontane Sessions geben!<\/p><p class=\"align-justify\" lang=\"zxx\">Am Abend des letzten Kurstages findet wie in den letzten Jahren ein \u00f6ffentliches Abschlu\u00dfkonzert unter (freiwilliger) Beteiligung aller Teilnehmer statt, in dem die Ergebnisse des Workshops pr\u00e4sentiert und zusammen musiziert wird. Bitte nicht vergessen: Notenst\u00e4nder mitnehmen und bei Bedarf einen Gitarrenverst\u00e4rker, Kabel, Nebeninstrumente etc.<\/p>\t\t\t\t\t\t\t\t<\/div>\n\t\t\t\t<\/div>\n\t\t\t\t<div class=\"elementor-element elementor-element-47c6693 elementor-widget elementor-widget-heading\" data-id=\"47c6693\" data-element_type=\"widget\" data-e-type=\"widget\" data-widget_type=\"heading.default\">\n\t\t\t\t<div class=\"elementor-widget-container\">\n\t\t\t\t\t<h2 class=\"elementor-heading-title elementor-size-default\">Teilnahmebedingungen<\/h2>\t\t\t\t<\/div>\n\t\t\t\t<\/div>\n\t\t\t\t<div class=\"elementor-element elementor-element-7cac732 elementor-widget elementor-widget-text-editor\" data-id=\"7cac732\" data-element_type=\"widget\" data-e-type=\"widget\" data-widget_type=\"text-editor.default\">\n\t\t\t\t<div class=\"elementor-widget-container\">\n\t\t\t\t\t\t\t\t\t<p><strong>Anmeldefrist<\/strong>: 10. Juli 2016<br \/><strong>Kosten<\/strong>:<\/p><ul><li>850,00 \u20ac pro Person bei Einzelzimmerbelegung<\/li><li>1125,00 \u20ac f\u00fcr zwei Personen im Doppelzimmer (Ein Workshopteilnehmer, eine mitreisende Person)<\/li><\/ul><p class=\"align-justify\" lang=\"zxx\">Die Teilnahmegeb\u00fchr beinhaltet Kursgeb\u00fchr und Hotelkosten incl. Halbpension f\u00fcr 6 N\u00e4chte vom 10.10.-16.10.2015 (10.10. Anreisetag, 16.10. Abreisetag).<\/p><p class=\"align-justify\" lang=\"zxx\">Die Teilnehmer erkl\u00e4ren sich ausdr\u00fccklich damit einverstanden, da\u00df ihre Anmeldedaten wie Email, Telefon und Adresse untereinander weitergegeben\u00a0werden d\u00fcrfen um z.B. eine gemeinsame Anreise zu organisieren oder abzukl\u00e4ren, wer welche zus\u00e4tzlichen Instrumente mitbringt. Auch die Ver\u00f6ffentlichung von Fotos, Videos oder Audioaufnahmen wird ausdr\u00fccklich genehmigt.<\/p><p><strong>\u00dcberweisung der Teilnahmegeb\u00fchr bitte auf das Konto:<\/strong><br \/>Ulrich Hoffmeier, Postbank Berlin<br \/>IBAN: DE24 1001 0010 0189 5451 04<br \/>BIC: PBNKDEFF<\/p><p class=\"bodytext\" lang=\"zxx\"><b>Anspruch auf Teilnahme entsteht erst nach Eingang der \u00dcberweisung und nur bei bestehendem Platzangebot streng nach der Reihenfolge der Anmeldungen\/\u00dcberweisungen (first come first serve). Ich behalte mir vor,Teilnehmern ab zu sagen. <\/b><\/p>\t\t\t\t\t\t\t\t<\/div>\n\t\t\t\t<\/div>\n\t\t\t\t<div class=\"elementor-element elementor-element-d63bcad elementor-widget elementor-widget-heading\" data-id=\"d63bcad\" data-element_type=\"widget\" data-e-type=\"widget\" data-widget_type=\"heading.default\">\n\t\t\t\t<div class=\"elementor-widget-container\">\n\t\t\t\t\t<h2 class=\"elementor-heading-title elementor-size-default\">R\u00fccktrittsbedingungen<\/h2>\t\t\t\t<\/div>\n\t\t\t\t<\/div>\n\t\t\t\t<div class=\"elementor-element elementor-element-05a9ec7 elementor-widget elementor-widget-text-editor\" data-id=\"05a9ec7\" data-element_type=\"widget\" data-e-type=\"widget\" data-widget_type=\"text-editor.default\">\n\t\t\t\t<div class=\"elementor-widget-container\">\n\t\t\t\t\t\t\t\t\t<p class=\"align-justify\" lang=\"zxx\">Im Falle eines R\u00fccktritts bis zum 19. Juli 2016 wird die komplette Kursgeb\u00fchr abz\u00fcglich 30,- \u20ac Bearbeitungsgeb\u00fchr zur\u00fcckerstattet. Bei einem R\u00fccktritt nach dem 20. Juli 2015 wird die Teilnahmegeb\u00fchr in voller H\u00f6he verrechnet. Sollte der Kurs abgesagt werden m\u00fcssen, wird die Teilnahmegeb\u00fchr komplett zur\u00fcckerstattet. Die maximale Teilnehmerzahl ist auf 24 Personen beschr\u00e4nkt.<\/p>\t\t\t\t\t\t\t\t<\/div>\n\t\t\t\t<\/div>\n\t\t\t\t<div class=\"elementor-element elementor-element-58770be elementor-widget elementor-widget-heading\" data-id=\"58770be\" data-element_type=\"widget\" data-e-type=\"widget\" data-widget_type=\"heading.default\">\n\t\t\t\t<div class=\"elementor-widget-container\">\n\t\t\t\t\t<h2 class=\"elementor-heading-title elementor-size-default\">Anmeldung<\/h2>\t\t\t\t<\/div>\n\t\t\t\t<\/div>\n\t\t\t\t<div class=\"elementor-element elementor-element-f171750 elementor-widget elementor-widget-text-editor\" data-id=\"f171750\" data-element_type=\"widget\" data-e-type=\"widget\" data-widget_type=\"text-editor.default\">\n\t\t\t\t<div class=\"elementor-widget-container\">\n\t\t\t\t\t\t\t\t\t<p>per Post an Ulrich Hoffmeier, Schulstr.6, D-13507 Berlin, Germany<br \/>oder Email an uli_hoffmeier@yahoo.de,<br \/>weitere Infos unter: www.uli-hoffmeier.de<br \/>www.facebook.com\/workshop-Jazzguitar-Provence-1416169921977071\/<\/p><p>\u00a0<\/p><p>Name:<\/p><p>Anschrift:<\/p><p>Telefon\/E-Mail:<\/p><p>Personenanzahl:<\/p><p>Datum, Unterschrift:<\/p><p>\u00a0<\/p><p><strong>Ich habe die Teilnahmebedingungen gelesen und akzeptiert.<\/strong><\/p>\t\t\t\t\t\t\t\t<\/div>\n\t\t\t\t<\/div>\n\t\t\t\t\t<\/div>\n\t\t\t\t<\/div>\n\t\t\t\t<\/div>\n\t\t","protected":false},"excerpt":{"rendered":"<p>Workshop Jazzguitar Provence 2016 R\u00fcckblick 2016 Der 12.Internationale \u201eWorkshop Jazzguitar Provence 2016\u201c liegt nun schon ein paar Wochen hinter uns und war wie auch in den letzten Jahren ein gro\u00dfer Erfolg, trotz einiger kleinerer und gr\u00f6\u00dferer Schwierigkeit: Dozent Jack Wilkins konnte wegen Krankheit nicht kommen und sagte einen Tag vor Beginn ab; ein Ersatzdozent mu\u00dfte [&hellip;]<\/p>\n","protected":false},"author":1,"featured_media":0,"parent":128,"menu_order":0,"comment_status":"closed","ping_status":"closed","template":"elementor_header_footer","meta":{"footnotes":""},"class_list":["post-1161","page","type-page","status-publish","hentry"],"_links":{"self":[{"href":"https:\/\/www.uli-hoffmeier.de\/de\/wp-json\/wp\/v2\/pages\/1161","targetHints":{"allow":["GET"]}}],"collection":[{"href":"https:\/\/www.uli-hoffmeier.de\/de\/wp-json\/wp\/v2\/pages"}],"about":[{"href":"https:\/\/www.uli-hoffmeier.de\/de\/wp-json\/wp\/v2\/types\/page"}],"author":[{"embeddable":true,"href":"https:\/\/www.uli-hoffmeier.de\/de\/wp-json\/wp\/v2\/users\/1"}],"replies":[{"embeddable":true,"href":"https:\/\/www.uli-hoffmeier.de\/de\/wp-json\/wp\/v2\/comments?post=1161"}],"version-history":[{"count":19,"href":"https:\/\/www.uli-hoffmeier.de\/de\/wp-json\/wp\/v2\/pages\/1161\/revisions"}],"predecessor-version":[{"id":1187,"href":"https:\/\/www.uli-hoffmeier.de\/de\/wp-json\/wp\/v2\/pages\/1161\/revisions\/1187"}],"up":[{"embeddable":true,"href":"https:\/\/www.uli-hoffmeier.de\/de\/wp-json\/wp\/v2\/pages\/128"}],"wp:attachment":[{"href":"https:\/\/www.uli-hoffmeier.de\/de\/wp-json\/wp\/v2\/media?parent=1161"}],"curies":[{"name":"wp","href":"https:\/\/api.w.org\/{rel}","templated":true}]}}