{"id":822,"date":"2024-11-29T14:17:51","date_gmt":"2024-11-29T13:17:51","guid":{"rendered":"https:\/\/ulihoffmeier-99a1bzfn.live-website.com\/?page_id=822"},"modified":"2024-12-02T15:11:57","modified_gmt":"2024-12-02T14:11:57","slug":"ws-provence-2019","status":"publish","type":"page","link":"https:\/\/www.uli-hoffmeier.de\/de\/workshops-lessons\/workshop-jazzguitar-provence\/ws-provence-2019\/","title":{"rendered":"WS Provence 2019"},"content":{"rendered":"\t\t<div data-elementor-type=\"wp-page\" data-elementor-id=\"822\" class=\"elementor elementor-822\" data-elementor-post-type=\"page\">\n\t\t\t\t<div class=\"elementor-element elementor-element-9b2296d e-flex e-con-boxed e-con e-parent\" data-id=\"9b2296d\" data-element_type=\"container\" data-e-type=\"container\">\n\t\t\t\t\t<div class=\"e-con-inner\">\n\t\t\t\t<div class=\"elementor-element elementor-element-4a34329 elementor-widget elementor-widget-heading\" data-id=\"4a34329\" data-element_type=\"widget\" data-e-type=\"widget\" data-widget_type=\"heading.default\">\n\t\t\t\t<div class=\"elementor-widget-container\">\n\t\t\t\t\t<h1 class=\"elementor-heading-title elementor-size-default\">Workshop Jazzguitar Provence 2019<\/h1>\t\t\t\t<\/div>\n\t\t\t\t<\/div>\n\t\t\t\t<div class=\"elementor-element elementor-element-68925f6 elementor-widget elementor-widget-heading\" data-id=\"68925f6\" data-element_type=\"widget\" data-e-type=\"widget\" data-widget_type=\"heading.default\">\n\t\t\t\t<div class=\"elementor-widget-container\">\n\t\t\t\t\t<h2 class=\"elementor-heading-title elementor-size-default\">R\u00fcckblick 2019<\/h2>\t\t\t\t<\/div>\n\t\t\t\t<\/div>\n\t\t\t\t<div class=\"elementor-element elementor-element-e4daa8a elementor-widget elementor-widget-text-editor\" data-id=\"e4daa8a\" data-element_type=\"widget\" data-e-type=\"widget\" data-widget_type=\"text-editor.default\">\n\t\t\t\t<div class=\"elementor-widget-container\">\n\t\t\t\t\t\t\t\t\t<p>Der 15. Workshop Jazzguitar Provence ist schon etwas mehr als eine Woche her aber auf meinem Gesicht\u00a0 sp\u00fcre ich noch immer die Sonne und das Licht des S\u00fcdens, h\u00f6r die wunderbare Musik, die wir gemacht haben und empfinde Freude und Dankbarkeit \u00fcber die gemeinsam verbrachte Zeit. 20 Teilnehmer aus vier L\u00e4ndern, sowie vier Dozenten schufen gemeinsam eine einzigartige Atmosph\u00e4re, in der sich wunderbar lernen, spielen, singen, quatschen und relaxen lie\u00df. Im n\u00e4chsten Jahr wird deshalb die Obergrenze bei 22 Teilnehmer liegen und wieder mindestens vier Dozenten werden versuchen, uns den \u201erichtigen Schwing\u201c bei zu bringen.<\/p><p>Vinny Raniolo aus New York war den j\u00fcngste Dozent, den wir je hatten, was sich &#8211; im Zusammenspiel mit seiner gleich jungen Freundin Francisca &#8211; erfrischend auf den Kurs und die spontanen Sessions auswirkte. Beide nahmen auch oft am morgendlichen \u201eEingrooven\u201c von J\u00fcrgen Haufer teil und waren im Chor eine wichtige St\u00fctze: Vinny u.a. mit einem phantastischen Solo \u00fcber das Klezmerst\u00fcck \u201eMir leijben eiwig\u201c und seine Partnerin mit ihrer pr\u00e4gnanten Stimme. Dem Thema \u201eChords &#8211; Chords &#8211; Chords\u201c widmeten sich die beiden Gitarrendozenten erwartungsgem\u00e4\u00df sehr unterschiedlich, wobei das Vorabversenden meines Skriptes (ja, zum ersten mal mit durchg\u00e4ngiger Seitennumerierung!) die M\u00f6glichkeit bot, mein Konzept im Vorfeld kennen zu lernen. Ich n\u00e4herte mich dem Thema \u00fcber \u201eOne-Note-Freddie-Green-Chords\u201c und \u201eTwo-notechords\u201c, um zu den \u201eThree-note-rhythm-chords\u201c, den vierstimmigen \u201eDrop3\u201c und \u201eDrop 2\u201c und dem Zielpunkt, der \u201eComping Chords\u201c, zu gelangen. Alles wurde exemplarisch an dem St\u00fcck \u201eFly me to the moon\u201c demonstriert, das auch von allen auf der B\u00fchne anwesenden Gitarristen beim Abschlu\u00dfkonzert gespielt wurde.<\/p><p>Bei der Zusammenstellung dieses wie immer \u00f6ffentlichen Abschlu\u00dfkonzertes am letzten Abend\u00a0 des Workshops zeigte sich jedoch einmal mehr, da\u00df der Kurs ohne die aktive Gestaltung der Teilnehmer nicht auskommt: ich hatte zu sp\u00e4t, schlecht sichtbar und unleserlich das Programm auf das Flip-Chart geschrieben, was viele nicht mitbekommen hatten. Deshalb &#8211; aber auch aus Zeitgr\u00fcnden und weil ich darum gebeten hatte, keine Duos sondern gr\u00f6\u00dfere Gruppen f\u00fcr das Konzert zusammen zu stellen &#8211; mu\u00dften zwei Darbietungen gestrichen werden, was zu Irritationen f\u00fchrte. Meine Bitte: \u00fcbernehmt mehr Eigeninitiative und -verantwortung bei der Ausgestaltung des Workshops, weist mich auf Mankos oder Mi\u00dfst\u00e4nde hin und unternehmt selber etwas um gemeinsam eine noch bessere Zeit zu haben; der Workshop ist ja keine \u201eAll-inclusiv Veranstaltung\u201c und meiner Energie und Aufmerksamkeit sind leider auch Grenzen gesetzt. Als Beispiel einer Eigeninitiative m\u00f6chte ich Helgas Ansto\u00df der Trinkgeldsammlung f\u00fcr die Belegschaft des Hotels nennen und mich ausdr\u00fccklich im Namen aller daf\u00fcr bedanken.\u00a0 Vielfach wurde angemerkt, da\u00df die K\u00fcche des Hotels sich jedes Jahr noch ein bisschen steigert ebenso wie der inzwischen legend\u00e4re \u201ekulturelle Beitrag\u201c vor dem Dessert. Der Spa\u00df, den schon allein die Auswahl der daf\u00fcr zust\u00e4ndigen Akteure bietet wird dann immer noch durch die spontane Auff\u00fchrung getoppt, die in diesem Jahr einmal sogar vom gesamten Hotelpersonal bestritten wurde. J\u00fcrgens morgendliches \u201eSingen und Swingen\u201c fand auch in diesem Jahr gro\u00dfe Zustimmung. Neben Aufw\u00e4rm\u00fcbungen f\u00fcr K\u00f6rper und Stimme wurde das afrikanische Lied \u201eSiyahamba\u201c mit Body Percussion, passenden Moves und drei Stimmen mit soviel Spa\u00df und Verve erarbeitet, da\u00df es als Zugabe im Konzert aufgef\u00fchrt wurde. Im nachmitt\u00e4glichen Chor kamen die weniger Ge\u00fcbten mit einer phantastischen Version von \u201eTake 5\u201c an ihre Grenzen, konnten aber beim Klezmerst\u00fcck \u201eMir leijben eiwig\u201c oder bei einem schwedischen Folksong wieder gl\u00e4nzen.<\/p><p>Immer wieder taucht ja die Frage auf, warum ich in einem Jazzgitarrenkurs das morgendliche \u201eEinsingen\u201c und den nachmitt\u00e4glichen Chor \u00fcberhaupt anbiete. Nun, mir ist es enorm wichtig, \u00fcber den \u201eTellerrand\u201c von Licks und Patterns zu schauen und deutlich zu machen, da\u00df Musik im Allgmeinen aber auch Jazz im Besonderen mehr ist als \u201enur\u201c Gitarre spielen. Gerade die urspr\u00fcnglichste und k\u00f6rperlichste Erfahrung von Musik, unsere Stimme n\u00e4mlich, kann zu einer ganz anderen Art des Spielens und Improvisierens f\u00fchren (Stichwort: Vokalisieren bzw. inneres Mitsingen von Patterns). Dar\u00fcber hinaus ist die positive Auswirkung des morgendlichen \u201eEinschwingens\u201c auf die gesamte Gruppe inklusive Mitreisende nicht zu untersch\u00e4tzen! Die Resonanz der \u201eNeuen\u201c und die M\u00f6glichkeit, sich mit diesem Angebot leicht in die Gruppe zu integrieren, lassen mich auch in Zukunft an der Zusammenarbeit mit J\u00fcrgen festhalten.<\/p><p>Die gef\u00fchrte Session unter der Leitung von Malibu fand zum zweiten mal statt und wurde noch besser angenommen als im letzten Jahr \u2013 sicher auch, weil nun die gleichzeitige Teilnahme an Session und Chor durch die zeitliche Trennung beider Angebote m\u00f6glich war. Die erarbeiteten St\u00fccke \u201eOut Of\u00a0 Nowhere\u201c und \u201eSummertime\u201c wurden auf dem Abschlu\u00dfkonzert pr\u00e4sentiert und lie\u00dfen so mehr Teilnehmer \u00fcber die von allen gespielten St\u00fccke hinaus aktiv werden. Auch dieses Angebot wird es im n\u00e4chsten Jahr wieder geben. Die Suche nach einem amerikanischen Dozenten f\u00fcr das n\u00e4chste Jahr wird demn\u00e4chst zum Abschlu\u00df gebracht werden, wobei ich eure Anregung und Vorschl\u00e4ge sehr sch\u00e4tze. Die Liste der Wunschkandidaten ist lang, hoffentlich gestaltet sich die Auswahl nicht so kompliziert wie im letzten Jahr.<\/p><p>Keep Swingin&#8216;<br \/>Uli<\/p>\t\t\t\t\t\t\t\t<\/div>\n\t\t\t\t<\/div>\n\t\t\t\t<div class=\"elementor-element elementor-element-8dbbe7a elementor-widget elementor-widget-heading\" data-id=\"8dbbe7a\" data-element_type=\"widget\" data-e-type=\"widget\" data-widget_type=\"heading.default\">\n\t\t\t\t<div class=\"elementor-widget-container\">\n\t\t\t\t\t<h2 class=\"elementor-heading-title elementor-size-default\">Anmeldung<\/h2>\t\t\t\t<\/div>\n\t\t\t\t<\/div>\n\t\t\t\t<div class=\"elementor-element elementor-element-8eac236 elementor-widget elementor-widget-text-editor\" data-id=\"8eac236\" data-element_type=\"widget\" data-e-type=\"widget\" data-widget_type=\"text-editor.default\">\n\t\t\t\t<div class=\"elementor-widget-container\">\n\t\t\t\t\t\t\t\t\t<p class=\"western\" lang=\"zxx\" style=\"text-align: left;\" align=\"JUSTIFY\">Organisiert und durchgef\u00fchrt von <b>Uli Hoffmeier<\/b> (Berlin), mit special guest <b>Vinny Raniolo<\/b> (New York), sowie <b>J\u00fcrgen Haufer<\/b> (K\u00f6ln) und <b>Malibu Gorde<\/b>s (Berlin) vom 29. September &#8211; 6. Oktober (6Tage, 7 N\u00e4chte) in Maussane-Les-Alpilles\/Provence. Thema:<b> <\/b><b>Chords-Chords-Chords <\/b>und <b>wie soliere ich dar\u00fcber<\/b>.<\/p>\t\t\t\t\t\t\t\t<\/div>\n\t\t\t\t<\/div>\n\t\t\t\t\t<\/div>\n\t\t\t\t<\/div>\n\t\t<div class=\"elementor-element elementor-element-133830a e-flex e-con-boxed e-con e-parent\" data-id=\"133830a\" data-element_type=\"container\" data-e-type=\"container\">\n\t\t\t\t\t<div class=\"e-con-inner\">\n\t\t<div class=\"elementor-element elementor-element-0bd30ba e-con-full e-flex e-con e-child\" data-id=\"0bd30ba\" data-element_type=\"container\" data-e-type=\"container\">\n\t\t\t\t<div class=\"elementor-element elementor-element-3e00652 elementor-widget elementor-widget-image\" data-id=\"3e00652\" data-element_type=\"widget\" data-e-type=\"widget\" data-widget_type=\"image.default\">\n\t\t\t\t<div class=\"elementor-widget-container\">\n\t\t\t\t\t\t\t\t\t\t\t\t\t\t\t\t<a href=\"https:\/\/www.uli-hoffmeier.de\/wp-content\/uploads\/2024\/11\/28d113058f.jpg\" data-elementor-open-lightbox=\"yes\" data-elementor-lightbox-title=\"28d113058f\" data-e-action-hash=\"#elementor-action%3Aaction%3Dlightbox%26settings%3DeyJpZCI6ODM2LCJ1cmwiOiJodHRwczpcL1wvd3d3LnVsaS1ob2ZmbWVpZXIuZGVcL3dwLWNvbnRlbnRcL3VwbG9hZHNcLzIwMjRcLzExXC8yOGQxMTMwNThmLmpwZyJ9\">\n\t\t\t\t\t\t\t<img decoding=\"async\" src=\"https:\/\/www.uli-hoffmeier.de\/wp-content\/uploads\/2024\/11\/28d113058f.jpg\" title=\"28d113058f\" alt=\"28d113058f\" loading=\"lazy\" \/>\t\t\t\t\t\t\t\t<\/a>\n\t\t\t\t\t\t\t\t\t\t\t\t\t\t\t<\/div>\n\t\t\t\t<\/div>\n\t\t\t\t<\/div>\n\t\t<div class=\"elementor-element elementor-element-1767f4b e-con-full e-flex e-con e-child\" data-id=\"1767f4b\" data-element_type=\"container\" data-e-type=\"container\">\n\t\t\t\t<div class=\"elementor-element elementor-element-81b0890 elementor-widget elementor-widget-text-editor\" data-id=\"81b0890\" data-element_type=\"widget\" data-e-type=\"widget\" data-widget_type=\"text-editor.default\">\n\t\t\t\t<div class=\"elementor-widget-container\">\n\t\t\t\t\t\t\t\t\t<p class=\"bodytext\"><span lang=\"zxx\">Vielen als genialer Begleiter von Frank Vignola, Tommy Emmanuel oder Bucky Pizzarelli bekannt, verf\u00fcgt <\/span><span lang=\"zxx\"><b>Vinny<\/b><\/span><b><\/b><span lang=\"zxx\"><b>Raniolo<\/b><\/span><span lang=\"zxx\">\u00a0auch \u00fcber eine akurate Technik im Spielen von Singlenotes oder Akkordsoli. Seine stilistische Bandbreite reicht von Big Band (James Langtons New York All Stars) \u00fcber Combos (Vince Giordano) bis zu seinem Soloprojekt &#8222;Air Guitar&#8220;, das ihn auch als exzellenten Arrangeur und Improvisator ausweist. Weltweite Workshops und Auftritte in amerikanischen Fernsehshows haben ihn einem breiteren Publikum ebenso bekannter gemacht wie die Mitwirkung im Woody Allen Film &#8222;Caf\u00e9 Society&#8220;. <\/span><\/p><p class=\"bodytext\"><a class=\"linkExt\" href=\"http:\/\/www.vinnyraniolo.com\/\" target=\"_blank\" rel=\"noopener\"><img decoding=\"async\" src=\"http:\/\/www.uli-hoffmeier.de\/41\/fileadmin\/uli-templates\/link_ext.gif\" alt=\"\" width=\"8\" height=\"8\" border=\"0\" \/>\u00a0www.vinnyraniolo.com<\/a><\/p>\t\t\t\t\t\t\t\t<\/div>\n\t\t\t\t<\/div>\n\t\t\t\t<\/div>\n\t\t\t\t\t<\/div>\n\t\t\t\t<\/div>\n\t\t<div class=\"elementor-element elementor-element-98e4e17 e-flex e-con-boxed e-con e-parent\" data-id=\"98e4e17\" data-element_type=\"container\" data-e-type=\"container\">\n\t\t\t\t\t<div class=\"e-con-inner\">\n\t\t<div class=\"elementor-element elementor-element-5f9e06f e-con-full e-flex e-con e-child\" data-id=\"5f9e06f\" data-element_type=\"container\" data-e-type=\"container\">\n\t\t\t\t<div class=\"elementor-element elementor-element-89ccfa4 elementor-widget elementor-widget-image\" data-id=\"89ccfa4\" data-element_type=\"widget\" data-e-type=\"widget\" data-widget_type=\"image.default\">\n\t\t\t\t<div class=\"elementor-widget-container\">\n\t\t\t\t\t\t\t\t\t\t\t\t\t\t\t\t<a href=\"https:\/\/www.uli-hoffmeier.de\/wp-content\/uploads\/2024\/11\/0cc5de7c0c.jpg\" data-elementor-open-lightbox=\"yes\" data-elementor-lightbox-title=\"0cc5de7c0c\" data-e-action-hash=\"#elementor-action%3Aaction%3Dlightbox%26settings%3DeyJpZCI6ODM3LCJ1cmwiOiJodHRwczpcL1wvd3d3LnVsaS1ob2ZmbWVpZXIuZGVcL3dwLWNvbnRlbnRcL3VwbG9hZHNcLzIwMjRcLzExXC8wY2M1ZGU3YzBjLmpwZyJ9\">\n\t\t\t\t\t\t\t<img decoding=\"async\" src=\"https:\/\/www.uli-hoffmeier.de\/wp-content\/uploads\/2024\/11\/0cc5de7c0c.jpg\" title=\"0cc5de7c0c\" alt=\"0cc5de7c0c\" loading=\"lazy\" \/>\t\t\t\t\t\t\t\t<\/a>\n\t\t\t\t\t\t\t\t\t\t\t\t\t\t\t<\/div>\n\t\t\t\t<\/div>\n\t\t\t\t<\/div>\n\t\t<div class=\"elementor-element elementor-element-84f8330 e-con-full e-flex e-con e-child\" data-id=\"84f8330\" data-element_type=\"container\" data-e-type=\"container\">\n\t\t\t\t<div class=\"elementor-element elementor-element-c4a6c7a elementor-widget elementor-widget-text-editor\" data-id=\"c4a6c7a\" data-element_type=\"widget\" data-e-type=\"widget\" data-widget_type=\"text-editor.default\">\n\t\t\t\t<div class=\"elementor-widget-container\">\n\t\t\t\t\t\t\t\t\t<p class=\"bodytext\"><b>J\u00fcrgen Haufer<\/b> studierte Gesang, Gitarre und Jazzarrangement und widmet sich z.Zt. ganz seinem Bandprojekt<b> Amago<\/b>, mit dem er gerade die zweite CD einspielt. Zum vierten mal mit dabei in Maussane, wird er alle Teilnehmer und ihre mitreisenden Partner, Kinder oder Enkel morgens vor dem Unterricht &#8222;eingrooven&#8220; und sich dabei um den richtigen &#8222;Schwing&#8220; f\u00fcr Body und Soul k\u00fcmmern. Am Nachmittag biete er ein &#8222;Singen f\u00fcr alle&#8220; an, das &#8211; anders als im letzten Jahr &#8211; weniger Wert auf vorzeigbare Ergebnisse legt und durch die zeitliche Trennung niemanden davon abhalten mu\u00df, die Session zu besuchen.<\/p><p class=\"bodytext\"><a class=\"linkExt\" href=\"http:\/\/www.amagomusik.de\/\" target=\"_blank\" rel=\"noopener\"><img decoding=\"async\" src=\"http:\/\/www.uli-hoffmeier.de\/41\/fileadmin\/uli-templates\/link_ext.gif\" alt=\"\" width=\"8\" height=\"8\" border=\"0\" \/>\u00a0www.amagomusik.de<\/a><\/p>\t\t\t\t\t\t\t\t<\/div>\n\t\t\t\t<\/div>\n\t\t\t\t<\/div>\n\t\t\t\t\t<\/div>\n\t\t\t\t<\/div>\n\t\t<div class=\"elementor-element elementor-element-937257f e-flex e-con-boxed e-con e-parent\" data-id=\"937257f\" data-element_type=\"container\" data-e-type=\"container\">\n\t\t\t\t\t<div class=\"e-con-inner\">\n\t\t<div class=\"elementor-element elementor-element-09473ad e-con-full e-flex e-con e-child\" data-id=\"09473ad\" data-element_type=\"container\" data-e-type=\"container\">\n\t\t\t\t<div class=\"elementor-element elementor-element-7875db5 elementor-widget elementor-widget-image\" data-id=\"7875db5\" data-element_type=\"widget\" data-e-type=\"widget\" data-widget_type=\"image.default\">\n\t\t\t\t<div class=\"elementor-widget-container\">\n\t\t\t\t\t\t\t\t\t\t\t\t\t\t\t\t<a href=\"https:\/\/www.uli-hoffmeier.de\/wp-content\/uploads\/2024\/11\/871b9d00da.jpg\" data-elementor-open-lightbox=\"yes\" data-elementor-lightbox-title=\"871b9d00da\" data-e-action-hash=\"#elementor-action%3Aaction%3Dlightbox%26settings%3DeyJpZCI6ODM4LCJ1cmwiOiJodHRwczpcL1wvd3d3LnVsaS1ob2ZmbWVpZXIuZGVcL3dwLWNvbnRlbnRcL3VwbG9hZHNcLzIwMjRcLzExXC84NzFiOWQwMGRhLmpwZyJ9\">\n\t\t\t\t\t\t\t<img decoding=\"async\" src=\"https:\/\/www.uli-hoffmeier.de\/wp-content\/uploads\/2024\/11\/871b9d00da.jpg\" title=\"871b9d00da\" alt=\"871b9d00da\" loading=\"lazy\" \/>\t\t\t\t\t\t\t\t<\/a>\n\t\t\t\t\t\t\t\t\t\t\t\t\t\t\t<\/div>\n\t\t\t\t<\/div>\n\t\t\t\t<\/div>\n\t\t<div class=\"elementor-element elementor-element-009e144 e-con-full e-flex e-con e-child\" data-id=\"009e144\" data-element_type=\"container\" data-e-type=\"container\">\n\t\t\t\t<div class=\"elementor-element elementor-element-db5e841 elementor-widget elementor-widget-text-editor\" data-id=\"db5e841\" data-element_type=\"widget\" data-e-type=\"widget\" data-widget_type=\"text-editor.default\">\n\t\t\t\t<div class=\"elementor-widget-container\">\n\t\t\t\t\t\t\t\t\t<p class=\"bodytext\"><b>Malibu Gordes<\/b> &#8211; zun\u00e4chst im Rockbereich sehr erfolgreich mit der Band <b>&#8222;She&#8217;s China&#8220;<\/b>, entbrannte fr\u00fch seine Leidenschaft f\u00fcr den Jazz, den er in einschl\u00e4gigen Besetzungen Berlins auf die B\u00fchne brachte. Mit Ulrich Hoffmeier verbindet ihn die jahrelange Arbeit im <b>Premier Swingtett <\/b>und dem Gitarrenduo\u00a0<b>Gitarresque<\/b>. Die Erfahrungen an der eigenen Gitarrenschule, wo fast ausschlie\u00dflich Jazzgitarre unterrichtet wird, sowie beim Leiten von Sessions pr\u00e4destinieren ihn daf\u00fcr, auch die &#8222;Gef\u00fchrte Session&#8220; in Maussane in die Hand zu nehmen.<\/p><p class=\"bodytext\"><a class=\"linkExt\" href=\"http:\/\/www.malibu-gordes.com\/\" target=\"_blank\" rel=\"noopener\"><img decoding=\"async\" src=\"http:\/\/www.uli-hoffmeier.de\/41\/fileadmin\/uli-templates\/link_ext.gif\" alt=\"\" width=\"8\" height=\"8\" border=\"0\" \/>\u00a0www.malibu-gordes.com<\/a><\/p>\t\t\t\t\t\t\t\t<\/div>\n\t\t\t\t<\/div>\n\t\t\t\t<\/div>\n\t\t\t\t\t<\/div>\n\t\t\t\t<\/div>\n\t\t<div class=\"elementor-element elementor-element-0ac04dd e-flex e-con-boxed e-con e-parent\" data-id=\"0ac04dd\" data-element_type=\"container\" data-e-type=\"container\">\n\t\t\t\t\t<div class=\"e-con-inner\">\n\t\t<div class=\"elementor-element elementor-element-f5d6b65 e-con-full e-flex e-con e-child\" data-id=\"f5d6b65\" data-element_type=\"container\" data-e-type=\"container\">\n\t\t\t\t<div class=\"elementor-element elementor-element-05005e1 elementor-widget elementor-widget-image\" data-id=\"05005e1\" data-element_type=\"widget\" data-e-type=\"widget\" data-widget_type=\"image.default\">\n\t\t\t\t<div class=\"elementor-widget-container\">\n\t\t\t\t\t\t\t\t\t\t\t\t\t\t\t\t<a href=\"https:\/\/www.uli-hoffmeier.de\/wp-content\/uploads\/2024\/11\/Uli_Hoffmeier-25-01-19-139X\u00a9Pollert.jpg\" data-elementor-open-lightbox=\"yes\" data-elementor-lightbox-title=\"Uli_Hoffmeier-25-01-19-139X\u00a9Pollert\" data-e-action-hash=\"#elementor-action%3Aaction%3Dlightbox%26settings%3DeyJpZCI6NjUsInVybCI6Imh0dHBzOlwvXC93d3cudWxpLWhvZmZtZWllci5kZVwvd3AtY29udGVudFwvdXBsb2Fkc1wvMjAyNFwvMTFcL1VsaV9Ib2ZmbWVpZXItMjUtMDEtMTktMTM5WFx1MDBhOVBvbGxlcnQuanBnIn0%3D\">\n\t\t\t\t\t\t\t<img decoding=\"async\" src=\"https:\/\/www.uli-hoffmeier.de\/wp-content\/uploads\/2024\/11\/Uli_Hoffmeier-25-01-19-139X\u00a9Pollert.jpg\" title=\"Uli_Hoffmeier-25-01-19-139X\u00a9Pollert\" alt=\"Uli_Hoffmeier-25-01-19-139X\u00a9Pollert\" loading=\"lazy\" \/>\t\t\t\t\t\t\t\t<\/a>\n\t\t\t\t\t\t\t\t\t\t\t\t\t\t\t<\/div>\n\t\t\t\t<\/div>\n\t\t\t\t<\/div>\n\t\t<div class=\"elementor-element elementor-element-df7ed4b e-con-full e-flex e-con e-child\" data-id=\"df7ed4b\" data-element_type=\"container\" data-e-type=\"container\">\n\t\t\t\t<div class=\"elementor-element elementor-element-1954eb3 elementor-widget elementor-widget-text-editor\" data-id=\"1954eb3\" data-element_type=\"widget\" data-e-type=\"widget\" data-widget_type=\"text-editor.default\">\n\t\t\t\t<div class=\"elementor-widget-container\">\n\t\t\t\t\t\t\t\t\t<p class=\"bodytext\">Einigen von Euch brauche ich mich ja nicht mehr vorzustellen: ich bin <b>Uli Hoffmeier<\/b> und seit \u00fcber 20 Jahren Mitglied des <b>Palastorchesters mit seinem S\u00e4nger Max Raabe<\/b>, wo ich neben Gitarre, Banjo, Balalaika, Ukulele und Mandoline auch Geige und Singende S\u00e4ge spiele. Auf unz\u00e4hligen CDs und Filmaufnahmen habe ich mitgewirkt und dar\u00fcber hinaus Zeit gefunden, in Theatern und Orchestern auszuhelfen, Bands zu coachen und eigene Projekte wie das <b>&#8222;Premier Swingtett&#8220;<\/b> oder das Gitarrenduo <b>&#8222;Gitarresque&#8220; <\/b>ins Leben zu rufen. Meine \u00fcber die Jahre gewonnen Erfahrungen beim Spielen und Unterrichten lassen mich folgende Schwerpunkte setzen: das Spielerische, das Gemeinsame, das Kommunikative der (Jazz-)Musik.<\/p><p class=\"bodytext\"><a class=\"linkExt\" href=\"http:\/\/www.uli-hoffmeier.de\/\" target=\"_blank\" rel=\"noopener\"><img decoding=\"async\" src=\"http:\/\/www.uli-hoffmeier.de\/41\/fileadmin\/uli-templates\/link_ext.gif\" alt=\"\" width=\"8\" height=\"8\" border=\"0\" \/>\u00a0http:\/\/www.uli-hoffmeier.de<\/a><\/p><p class=\"bodytext\">\u00a0<\/p>\t\t\t\t\t\t\t\t<\/div>\n\t\t\t\t<\/div>\n\t\t\t\t<\/div>\n\t\t\t\t\t<\/div>\n\t\t\t\t<\/div>\n\t\t<div class=\"elementor-element elementor-element-d301da5 e-flex e-con-boxed e-con e-parent\" data-id=\"d301da5\" data-element_type=\"container\" data-e-type=\"container\">\n\t\t\t\t\t<div class=\"e-con-inner\">\n\t\t\t\t<div class=\"elementor-element elementor-element-4cde5c2 elementor-widget elementor-widget-heading\" data-id=\"4cde5c2\" data-element_type=\"widget\" data-e-type=\"widget\" data-widget_type=\"heading.default\">\n\t\t\t\t<div class=\"elementor-widget-container\">\n\t\t\t\t\t<h2 class=\"elementor-heading-title elementor-size-default\">Der Veranstaltungsort<\/h2>\t\t\t\t<\/div>\n\t\t\t\t<\/div>\n\t\t\t\t<div class=\"elementor-element elementor-element-9eebfe6 elementor-widget elementor-widget-text-editor\" data-id=\"9eebfe6\" data-element_type=\"widget\" data-e-type=\"widget\" data-widget_type=\"text-editor.default\">\n\t\t\t\t<div class=\"elementor-widget-container\">\n\t\t\t\t\t\t\t\t\t<p>Das Hotel <a href=\"https:\/\/www.valbaussenc.com\">The Originals Val Baussenc<\/a>, in dem wir nun schon zum 11. mal logieren, liegt am \u00f6stlichen Ortsausgang von Maussane-Les-Alpilles, einem typischen, provenzalischen Ort am Rand der Alpilles. Es befindet sich nur wenige Gehminuten vom Dorfzentrum entfernt, ist ein Drei-Sterne-Haus und liegt &#8211; umgeben von Olivenb\u00e4umen und Pappeln &#8211; ruhig und zur\u00fcckgesetzt von der Stra\u00dfe. Die 25 gem\u00fctlichen Zimmer (zwei als behindertengerecht ausgewiesen) bieten Ausblick ins Gr\u00fcne. Der Au\u00dfenbereich wird von einer park\u00e4hnlichen Gr\u00fcnanlage bestimmt, ein Pool steht den Hotelg\u00e4sten ebenso zur Verf\u00fcgung sowie eine Sauna bzw. Hamam. Beim Betreten des Hotels befindet man sich in einer Lobby mit Kamin, in der abends oft spontane Sessions stattfinden.<\/p><p>Vom Restaurant hat man einen sch\u00f6nen Blick in den Park und beim abendlichen Vier-Gang-Menu (Vorspeise, Hauptgang, K\u00e4se, Dessert, incl. Wein und Kaffee) \u00fcberzeugt die K\u00fcche mit typisch provenzalischen K\u00f6stlichkeiten. Eine schmucke Terrasse, dicht umwuchert von Weinreben, l\u00e4dt zum Jammen, Kl\u00f6nen und Fachsimpeln beim nachmitt\u00e4glichen Pastis ein. Die Lobby und das Restaurant bieten Platz f\u00fcr den t\u00e4glichen Unterricht.<\/p><p>Das Hotel besitzt eine Bar, die uns zu moderaten Preisen ausreichend mit Getr\u00e4nken versorgt, dar\u00fcber akurat Buch f\u00fchrt und am Ende der Woche jedem Teilnehmer eine Rechnung \u00fcber diese zus\u00e4tzlich konsumierten Getr\u00e4nke pr\u00e4sentiert, die nat\u00fcrlich nicht im Preis des Workshops enthalten sind und individuell bezahlt werden m\u00fcssen.<\/p><p>Die Alpilles sind ein 12 Kilometer s\u00fcdlich von Avignon gelegener H\u00f6henzug, der die n\u00f6rdlich gelegene kleine Crau von der eigentlichen, s\u00fcdlich gelegenen Crau trennt, die in die Carmargue \u00fcbergeht. Maussane hat einen idyllischen Marktplatz mit w\u00f6chentlichem Markttag und eine Oliven\u00f6lm\u00fchle, die eines der besten \u00d6le Frankreichs produziert. In der N\u00e4he gibt es zahlreiche Weing\u00fcter, die teilweise sehr hochwertige (und mitunter auch hochpreisige) Weine keltern. Am 50 km entfernten Mittelmeerstrand liegt das St\u00e4dtchen Les-Saintes-Maries-de-la-Mer, in dem Django Reinhardt mehrmals aus Anla\u00df der j\u00e4hrlich dort stattfindenden Zigeunerfeste weilte. Das an der Rhone gelegene Arles mit der r\u00f6mischen Arena liegt wenige Kilometer westlich von Maussane, der 2000 Jahre alte Pont-du-Gard ist eine Autostunde entfernt. Die weltbekannte, mittelalterliche Ruine Les Baux blickt von Norden auf Maussane herab. Auf dem Weg Richtung Avignon (ber\u00fchmt u.a. f\u00fcr Papstpalst und Stadtmauer) kommt man in St. R\u00e9my vorbei, wo Nostradamus lebte und Van Ghogh einige seiner ber\u00fchmtesten Bilder malte.<\/p>\t\t\t\t\t\t\t\t<\/div>\n\t\t\t\t<\/div>\n\t\t\t\t<div class=\"elementor-element elementor-element-af4d1a9 elementor-widget elementor-widget-heading\" data-id=\"af4d1a9\" data-element_type=\"widget\" data-e-type=\"widget\" data-widget_type=\"heading.default\">\n\t\t\t\t<div class=\"elementor-widget-container\">\n\t\t\t\t\t<h2 class=\"elementor-heading-title elementor-size-default\">Der Kurs<\/h2>\t\t\t\t<\/div>\n\t\t\t\t<\/div>\n\t\t\t\t<div class=\"elementor-element elementor-element-826cf65 elementor-widget elementor-widget-text-editor\" data-id=\"826cf65\" data-element_type=\"widget\" data-e-type=\"widget\" data-widget_type=\"text-editor.default\">\n\t\t\t\t<div class=\"elementor-widget-container\">\n\t\t\t\t\t\t\t\t\t<p>Am Anreisetag (Sonntag, den 29.9.2019) treffen wir uns vor dem gemeinsamen Abendessen um ca. 19.00 Uhr zum Kennenlernen und Austausch eventuell noch n\u00f6tiger Informationen. Erster Kurstag ist dann Montag, der 30. September, letzter Kurstag ist Samstag, der 5. Oktober, Abfahrt ist am Sonntag, den 6.10.2019 nach dem Fr\u00fchst\u00fcck.<\/p><p>Eventuell besteht wie in den Jahren zuvor die M\u00f6glichkeit, ab Freitag zu sehr g\u00fcnstigen Bedingungen im Hotel einzuchecken. Darum mu\u00df sich unter der oben angegebenen Adresse bitte jeder selber k\u00fcmmern und auch selbst bezahlen.<\/p><p>Der Unterricht findet statt:<br \/>Montag, Dienstag, Donnerstag, Freitag und Samstag von 10.00 &#8211; 13.00 Uhr.<br \/>Mittwoch von 15.00 bis 18.00 (wegen des Besuches des provencalischen Marktes in St. R\u00e9my am Vormittag).<\/p><p>Das tagliche &#8222;Eingrooven&#8220; mit J\u00fcrgen Haufer richtet sich an alle, auch mitreisende Partnerinnen und Partner, Kinder und\/oder Enkelkinder und findet t\u00e4glich um 9:30 statt.<br \/>Das ebenfalls von J\u00fcrgen Haufer geleitete &#8222;Singen f\u00fcr alle&#8220; vermittelt denen, die noch wenig Erfahrung mit ihrer Stimme haben, Spa\u00df und Sicherheit durch Grund\u00fcbungen z.B. zu Intonation und Klang. &#8222;Alten Hasen&#8220; (und H\u00e4sinnen) der Sangeskunst erm\u00f6glicht die Stunde, die t\u00e4glich \u2013 au\u00dfer am Mittwoch \u2013 von 17:30 bis 18:30 stattfindet, an Ausdruck und Technik zu arbeiten. Eine Darbietung beim Abschlu\u00dfkonzert ist nicht zwingend vorgesehen.<\/p><p>Die von Malibu Gordes angeleitete Session findet t\u00e4glich vor dem Abendessen von 18:30-19:30 statt. Diese Gruppe wird beim Abschlu\u00dfkonzert dem Publikum einen Einblick geben, wie eine Session funktioniert und warum es weniger um fertige Ergebnisse als um Interaktion und Spontaneit\u00e4t geht, trotz gemeinsamer Absprachen zu Thema, Tonart und Stil, m\u00f6glichen zweiten Stimmen oder Riffs, verschiedenen M\u00f6glichkeiten der Begleitung oder Reihenfolge der Solisten.<\/p><p>Wie bisher wird es zwei (ann\u00e4hernd) gleich gro\u00dfe Unterrichtsgruppen geben, die jedoch nicht nach &#8222;K\u00f6nnen&#8220; oder &#8222;Wissen&#8220; sondern auf grund meiner Erfahrung und Einsch\u00e4tzung zusammengestellt werden. Nat\u00fcrlich kann jeder Teilnehmer diese Gruppe vor Beginn des Kurses aus pers\u00f6nlichen Gr\u00fcnden wechseln, sofern kein zu gro\u00dfes zahlenm\u00e4\u00dfiges Ungleichgewicht entsteht! Die Gruppen wechseln den Dozenten nach drei Tagen, jeder Teilnehmer hat also genauso lange Unterricht bei Vinny wie bei mir. Unterrichtssprache bei Vinny ist Englisch, bei mir \u201eFradenglisch\u201c (Franz\u00f6sich-Deutsch-Englisch).<\/p><p>Wie in jedem Jahr wird es auch diesmal wieder viel Gelegenheit f\u00fcr spontane Sessions am Nachmittag und am Abend nach dem Essen geben!<\/p><p>Die Tradition des &#8222;Kulturbeitrages&#8220; w\u00e4hrend des Abendessens (meist vor dem Dessert) wird auch in diesem Jahr beibehalten, nat\u00fcrlich unter strengster Ber\u00fccksichtigung des Zufallsprinzips bei der Auswahl der Beteiligten&#8230;<\/p><p>Am Samstag Abend findet \u2013 unterst\u00fctzt durch die Stadt Maussane und unser Hotel &#8211; das \u00f6ffentliche Abschlu\u00dfkonzert unter (freiwilliger) Mitwirkung aller Teilnehmer statt, in dem u.a. die Ergebnisse des Workshops pr\u00e4sentiert werden und wir zusammen musizieren. Der Zuspruch in der Bev\u00f6lkerung hat dabei \u00fcber die Jahre konstant zugenommen. Bitte nicht vergessen: Notenst\u00e4nder mitnehmen und bei Bedarf einen Gitarrenverst\u00e4rker, Kabel, Nebeninstrumente etc.<\/p>\t\t\t\t\t\t\t\t<\/div>\n\t\t\t\t<\/div>\n\t\t\t\t<div class=\"elementor-element elementor-element-64036ff elementor-widget elementor-widget-heading\" data-id=\"64036ff\" data-element_type=\"widget\" data-e-type=\"widget\" data-widget_type=\"heading.default\">\n\t\t\t\t<div class=\"elementor-widget-container\">\n\t\t\t\t\t<h2 class=\"elementor-heading-title elementor-size-default\">Teilnahmebedingungen<\/h2>\t\t\t\t<\/div>\n\t\t\t\t<\/div>\n\t\t\t\t<div class=\"elementor-element elementor-element-bad25e5 elementor-widget elementor-widget-text-editor\" data-id=\"bad25e5\" data-element_type=\"widget\" data-e-type=\"widget\" data-widget_type=\"text-editor.default\">\n\t\t\t\t<div class=\"elementor-widget-container\">\n\t\t\t\t\t\t\t\t\t<p><strong>Anmeldefrist<\/strong>: 19. Juli 2019<br \/><strong>Kosten<\/strong>:<\/p><ul><li>1080,00 \u20ac pro Person bei Einzelzimmerbelegung<\/li><li>1420,00 \u20ac f\u00fcr zwei Personen im Doppelzimmer (ein aktiver, ein mitreisender Teilnehmer)<\/li><\/ul><p>\u00a0<\/p><p>Die Teilnahmegeb\u00fchr beinhaltet Kursgeb\u00fchr, Beiprogramm (morgendliches Eingrooven, nachmitt\u00e4gliches &#8222;Singen f\u00fcr alle&#8220; sowie die &#8222;gef\u00fchrte Session&#8220;) und Hotelkosten mit Halbpension (Fr\u00fchst\u00fcck und Viergangmenu incl. Wein und Caf\u00e9 am Abend) f\u00fcr 7 N\u00e4chte vom 29.9.-6.10.2019 (29.9. Anreisetag, 6.10. Abreisetag).<\/p><p>Die Teilnehmer erkl\u00e4ren sich ausdr\u00fccklich damit einverstanden, da\u00df ihre Anmeldedaten wie Email, Telefon und Adresse untereinander bekanntgegeben und ausgetauscht werden d\u00fcrfen um z.B. eine gemeinsame Anreise zu organisieren oder abzukl\u00e4ren, wer welche zus\u00e4tzlichen Instrumente mitbringt. Auch die Ver\u00f6ffentlichung von Fotos, Videos oder Audioaufnahmen wird ausdr\u00fccklich genehmigt.<\/p><p><strong>\u00dcberweisung der Teilnahmegeb\u00fchr bitte auf das Konto:<\/strong><br \/>Ulrich Hoffmeier, Postbank Berlin<br \/>IBAN: DE24 1001 0010 0189 5451 04<br \/>BIC: PBNKDEFF<\/p><p><strong>Anspruch auf Teilnahme entsteht erst nach Eingang der \u00dcberweisung und nur bei bestehendem Platzangebot streng nach Reihenfolge der Anmeldungen\/\u00dcberweisungen (first come first serve). Ich behalte mir vor, Teilnehmern abzusagen. Es besteht kein verbindlicher Anspruch auf die hier beschriebenen Inhalte des Kurses oder die Auswahl der Dozenten.<\/strong><\/p>\t\t\t\t\t\t\t\t<\/div>\n\t\t\t\t<\/div>\n\t\t\t\t<div class=\"elementor-element elementor-element-1381263 elementor-widget elementor-widget-heading\" data-id=\"1381263\" data-element_type=\"widget\" data-e-type=\"widget\" data-widget_type=\"heading.default\">\n\t\t\t\t<div class=\"elementor-widget-container\">\n\t\t\t\t\t<h2 class=\"elementor-heading-title elementor-size-default\">R\u00fccktrittsbedingungen<\/h2>\t\t\t\t<\/div>\n\t\t\t\t<\/div>\n\t\t\t\t<div class=\"elementor-element elementor-element-c081217 elementor-widget elementor-widget-text-editor\" data-id=\"c081217\" data-element_type=\"widget\" data-e-type=\"widget\" data-widget_type=\"text-editor.default\">\n\t\t\t\t<div class=\"elementor-widget-container\">\n\t\t\t\t\t\t\t\t\t<p>Im Falle eines R\u00fccktritts bis zum 19. Juli 2019 wird die komplette Kursgeb\u00fchr abz\u00fcglich 30,- \u20ac Bearbeitungsgeb\u00fchr zur\u00fcckerstattet. Bei einem R\u00fccktritt nach dem 20. Juli 2019 wird die Teilnahmegeb\u00fchr in voller H\u00f6he verrechnet &#8211; es sei denn, ein von mir akzeptierter Ersatzteilnehmer wird benannt, der den Kursplatz \u00fcbernimmt. Sollte der Kurs abgesagt werden m\u00fcssen, wird die Teilnahmegeb\u00fchr komplett zur\u00fcckerstattet. Die maximale Teilnehmerzahl ist auf 24 Personen beschr\u00e4nkt. Mit der \u00dcberweisung werden die Teilnahmebdingungen akzeptiert.<\/p>\t\t\t\t\t\t\t\t<\/div>\n\t\t\t\t<\/div>\n\t\t\t\t<div class=\"elementor-element elementor-element-74bec72 elementor-widget elementor-widget-heading\" data-id=\"74bec72\" data-element_type=\"widget\" data-e-type=\"widget\" data-widget_type=\"heading.default\">\n\t\t\t\t<div class=\"elementor-widget-container\">\n\t\t\t\t\t<h2 class=\"elementor-heading-title elementor-size-default\">Anmeldung<\/h2>\t\t\t\t<\/div>\n\t\t\t\t<\/div>\n\t\t\t\t<div class=\"elementor-element elementor-element-6f96988 elementor-widget elementor-widget-text-editor\" data-id=\"6f96988\" data-element_type=\"widget\" data-e-type=\"widget\" data-widget_type=\"text-editor.default\">\n\t\t\t\t<div class=\"elementor-widget-container\">\n\t\t\t\t\t\t\t\t\t<p>per Post an Ulrich Hoffmeier, Schulstr.6, D-13507 Berlin, Germany<br \/>oder Email an uli_hoffmeier@yahoo.de,<br \/>weitere Infos unter: www.uli-hoffmeier.de<br \/>www.facebook.com\/workshop-Jazzguitar-Provence-1416169921977071\/<\/p><p>\u00a0<\/p><p>Name:<\/p><p>Anschrift:<\/p><p>Telefon\/E-Mail:<\/p><p>Personenanzahl:<\/p><p>Datum, Unterschrift:<\/p><p>\u00a0<\/p><p><strong>Ich habe die Teilnahmebedingungen gelesen und akzeptiert.<\/strong><\/p>\t\t\t\t\t\t\t\t<\/div>\n\t\t\t\t<\/div>\n\t\t\t\t\t<\/div>\n\t\t\t\t<\/div>\n\t\t\t\t<\/div>\n\t\t","protected":false},"excerpt":{"rendered":"<p>Workshop Jazzguitar Provence 2019 R\u00fcckblick 2019 Der 15. Workshop Jazzguitar Provence ist schon etwas mehr als eine Woche her aber auf meinem Gesicht\u00a0 sp\u00fcre ich noch immer die Sonne und das Licht des S\u00fcdens, h\u00f6r die wunderbare Musik, die wir gemacht haben und empfinde Freude und Dankbarkeit \u00fcber die gemeinsam verbrachte Zeit. 20 Teilnehmer aus [&hellip;]<\/p>\n","protected":false},"author":1,"featured_media":0,"parent":128,"menu_order":0,"comment_status":"closed","ping_status":"closed","template":"elementor_header_footer","meta":{"footnotes":""},"class_list":["post-822","page","type-page","status-publish","hentry"],"_links":{"self":[{"href":"https:\/\/www.uli-hoffmeier.de\/de\/wp-json\/wp\/v2\/pages\/822","targetHints":{"allow":["GET"]}}],"collection":[{"href":"https:\/\/www.uli-hoffmeier.de\/de\/wp-json\/wp\/v2\/pages"}],"about":[{"href":"https:\/\/www.uli-hoffmeier.de\/de\/wp-json\/wp\/v2\/types\/page"}],"author":[{"embeddable":true,"href":"https:\/\/www.uli-hoffmeier.de\/de\/wp-json\/wp\/v2\/users\/1"}],"replies":[{"embeddable":true,"href":"https:\/\/www.uli-hoffmeier.de\/de\/wp-json\/wp\/v2\/comments?post=822"}],"version-history":[{"count":31,"href":"https:\/\/www.uli-hoffmeier.de\/de\/wp-json\/wp\/v2\/pages\/822\/revisions"}],"predecessor-version":[{"id":1008,"href":"https:\/\/www.uli-hoffmeier.de\/de\/wp-json\/wp\/v2\/pages\/822\/revisions\/1008"}],"up":[{"embeddable":true,"href":"https:\/\/www.uli-hoffmeier.de\/de\/wp-json\/wp\/v2\/pages\/128"}],"wp:attachment":[{"href":"https:\/\/www.uli-hoffmeier.de\/de\/wp-json\/wp\/v2\/media?parent=822"}],"curies":[{"name":"wp","href":"https:\/\/api.w.org\/{rel}","templated":true}]}}