{"id":1104,"date":"2025-01-06T12:34:06","date_gmt":"2025-01-06T11:34:06","guid":{"rendered":"https:\/\/ulihoffmeier-99a1bzfn.live-website.com\/?page_id=1104"},"modified":"2025-01-06T12:53:55","modified_gmt":"2025-01-06T11:53:55","slug":"ws-provence-2018","status":"publish","type":"page","link":"https:\/\/www.uli-hoffmeier.de\/en\/workshops-lessons\/workshop-jazzguitar-provence\/ws-provence-2018\/","title":{"rendered":"WS Provence 2018"},"content":{"rendered":"<div data-elementor-type=\"wp-page\" data-elementor-id=\"1104\" class=\"elementor elementor-1104\" data-elementor-post-type=\"page\">\n\t\t\t\t<div class=\"elementor-element elementor-element-d1e0785 e-flex e-con-boxed e-con e-parent\" data-id=\"d1e0785\" data-element_type=\"container\" data-e-type=\"container\">\n\t\t\t\t\t<div class=\"e-con-inner\">\n\t\t\t\t<div class=\"elementor-element elementor-element-d2c35df elementor-widget elementor-widget-heading\" data-id=\"d2c35df\" data-element_type=\"widget\" data-e-type=\"widget\" data-widget_type=\"heading.default\">\n\t\t\t\t<div class=\"elementor-widget-container\">\n\t\t\t\t\t<h1 class=\"elementor-heading-title elementor-size-default\">Workshop Jazzguitar Provence 2018<\/h1>\t\t\t\t<\/div>\n\t\t\t\t<\/div>\n\t\t\t\t<div class=\"elementor-element elementor-element-3cf6f33 elementor-widget elementor-widget-text-editor\" data-id=\"3cf6f33\" data-element_type=\"widget\" data-e-type=\"widget\" data-widget_type=\"text-editor.default\">\n\t\t\t\t<div class=\"elementor-widget-container\">\n\t\t\t\t\t\t\t\t\t<h5 class=\"western\" lang=\"zxx\" align=\"JUSTIFY\"><b>Mit Matt Munisteri (New York) und Uli Hoffmeier (Berlin) vom 21. &#8211; 28. Oktober 2018 (6Tage, 7 N\u00e4chte) in Maussane-Les-Alpilles. Special Guest: J\u00fcrgen Haufer (K\u00f6ln)<\/b><\/h5>\t\t\t\t\t\t\t\t<\/div>\n\t\t\t\t<\/div>\n\t\t\t\t<div class=\"elementor-element elementor-element-4191b0a elementor-widget elementor-widget-heading\" data-id=\"4191b0a\" data-element_type=\"widget\" data-e-type=\"widget\" data-widget_type=\"heading.default\">\n\t\t\t\t<div class=\"elementor-widget-container\">\n\t\t\t\t\t<h2 class=\"elementor-heading-title elementor-size-default\">Thema: Swing!Swing!Swing!<\/h2>\t\t\t\t<\/div>\n\t\t\t\t<\/div>\n\t\t\t\t\t<\/div>\n\t\t\t\t<\/div>\n\t\t<div class=\"elementor-element elementor-element-a492647 e-flex e-con-boxed e-con e-parent\" data-id=\"a492647\" data-element_type=\"container\" data-e-type=\"container\">\n\t\t\t\t\t<div class=\"e-con-inner\">\n\t\t<div class=\"elementor-element elementor-element-6d9dad1 e-con-full e-flex e-con e-child\" data-id=\"6d9dad1\" data-element_type=\"container\" data-e-type=\"container\">\n\t\t\t\t<div class=\"elementor-element elementor-element-5a250c3 elementor-widget elementor-widget-image\" data-id=\"5a250c3\" data-element_type=\"widget\" data-e-type=\"widget\" data-widget_type=\"image.default\">\n\t\t\t\t<div class=\"elementor-widget-container\">\n\t\t\t\t\t\t\t\t\t\t\t\t\t\t\t\t<a href=\"https:\/\/www.uli-hoffmeier.de\/wp-content\/uploads\/2025\/01\/image-3.jpeg\" data-elementor-open-lightbox=\"yes\" data-elementor-lightbox-title=\"Matt Munisteri\" data-elementor-lightbox-description=\"Matt Munisteri\" data-e-action-hash=\"#elementor-action%3Aaction%3Dlightbox%26settings%3DeyJpZCI6MTExMSwidXJsIjoiaHR0cHM6XC9cL3d3dy51bGktaG9mZm1laWVyLmRlXC93cC1jb250ZW50XC91cGxvYWRzXC8yMDI1XC8wMVwvaW1hZ2UtMy5qcGVnIn0%3D\">\n\t\t\t\t\t\t\t<img decoding=\"async\" src=\"https:\/\/www.uli-hoffmeier.de\/wp-content\/uploads\/2025\/01\/image-3.jpeg\" title=\"Matt Munisteri\" alt=\"Matt Munisteri\" loading=\"lazy\" \/>\t\t\t\t\t\t\t\t<\/a>\n\t\t\t\t\t\t\t\t\t\t\t\t\t\t\t<\/div>\n\t\t\t\t<\/div>\n\t\t\t\t<\/div>\n\t\t<div class=\"elementor-element elementor-element-ec5500f e-con-full e-flex e-con e-child\" data-id=\"ec5500f\" data-element_type=\"container\" data-e-type=\"container\">\n\t\t\t\t<div class=\"elementor-element elementor-element-7985b5d elementor-widget elementor-widget-text-editor\" data-id=\"7985b5d\" data-element_type=\"widget\" data-e-type=\"widget\" data-widget_type=\"text-editor.default\">\n\t\t\t\t<div class=\"elementor-widget-container\">\n\t\t\t\t\t\t\t\t\t<p class=\"bodytext\"><strong>Matt Munisteri<\/strong> ist in Brooklyn aufgewachsen und spielte zun\u00e4chst Bluegrass Banjo.Seine Liebe zum fr\u00fchen Jazz und anderer Musik der &#8222;Gaslicht \u00c4ra&#8220; lie\u00df ihn zu einem Musiker reifen, der als Sideman wesentlich zum Erfolg anderer K\u00fcnstler beitrug wie Holly Cole, Madeleine Peroux, Grammygewinner Loudon Wainwright oder Catherine Russel. Aufnahmen machte er dar\u00fcber hinaus u.a. mit Dick Hyman, dem Lincoln Center Jazz Orchestra, Vince Giordano&#8217;s Nighthawks sowie den Geigern Matt Glaser, Aaron Weinstein und Tim Kliphuus. Neben seinen spielerischen F\u00e4higkeiten ist er ein profilierter Arrangeur, Textschreiber und S\u00e4nger und mit eigenen Bandprojekten unterwegs.<\/p><p class=\"bodytext\"><a href=\"http:\/\/www.mattmunisteri.com\/\">www.mattmunisteri.com<\/a><\/p>\t\t\t\t\t\t\t\t<\/div>\n\t\t\t\t<\/div>\n\t\t\t\t<\/div>\n\t\t\t\t\t<\/div>\n\t\t\t\t<\/div>\n\t\t<div class=\"elementor-element elementor-element-a769d15 e-flex e-con-boxed e-con e-parent\" data-id=\"a769d15\" data-element_type=\"container\" data-e-type=\"container\">\n\t\t\t\t\t<div class=\"e-con-inner\">\n\t\t<div class=\"elementor-element elementor-element-ec28862 e-con-full e-flex e-con e-child\" data-id=\"ec28862\" data-element_type=\"container\" data-e-type=\"container\">\n\t\t\t\t<div class=\"elementor-element elementor-element-5b9a8e1 elementor-widget elementor-widget-image\" data-id=\"5b9a8e1\" data-element_type=\"widget\" data-e-type=\"widget\" data-widget_type=\"image.default\">\n\t\t\t\t<div class=\"elementor-widget-container\">\n\t\t\t\t\t\t\t\t\t\t\t\t\t\t\t\t<a href=\"https:\/\/www.uli-hoffmeier.de\/wp-content\/uploads\/2024\/11\/0cc5de7c0c.jpg\" data-elementor-open-lightbox=\"yes\" data-elementor-lightbox-title=\"0cc5de7c0c\" data-e-action-hash=\"#elementor-action%3Aaction%3Dlightbox%26settings%3DeyJpZCI6ODM3LCJ1cmwiOiJodHRwczpcL1wvd3d3LnVsaS1ob2ZmbWVpZXIuZGVcL3dwLWNvbnRlbnRcL3VwbG9hZHNcLzIwMjRcLzExXC8wY2M1ZGU3YzBjLmpwZyJ9\">\n\t\t\t\t\t\t\t<img decoding=\"async\" src=\"https:\/\/www.uli-hoffmeier.de\/wp-content\/uploads\/2024\/11\/0cc5de7c0c.jpg\" title=\"0cc5de7c0c\" alt=\"0cc5de7c0c\" loading=\"lazy\" \/>\t\t\t\t\t\t\t\t<\/a>\n\t\t\t\t\t\t\t\t\t\t\t\t\t\t\t<\/div>\n\t\t\t\t<\/div>\n\t\t\t\t<\/div>\n\t\t<div class=\"elementor-element elementor-element-1925c16 e-con-full e-flex e-con e-child\" data-id=\"1925c16\" data-element_type=\"container\" data-e-type=\"container\">\n\t\t\t\t<div class=\"elementor-element elementor-element-eb9efcf elementor-widget elementor-widget-text-editor\" data-id=\"eb9efcf\" data-element_type=\"widget\" data-e-type=\"widget\" data-widget_type=\"text-editor.default\">\n\t\t\t\t<div class=\"elementor-widget-container\">\n\t\t\t\t\t\t\t\t\t<p class=\"bodytext\"><b>J\u00fcrgen Haufer<\/b> studierte Gesang, Gitarre und Jazzarrangement und widmet sich z.Zt. ganz seinem Bandprojekt <strong>Amago<\/strong>, mit dem er 2017 die aktuelle CD eingespielt hat. Zum dritten mal mit dabei in Maussane, wird er alle Teilnehmer und ihre mitreisenden Partner, Kinder oder Enkel morgens vor dem Unterricht &#8222;eingrooven&#8220; und sich dabei um den richtigen Schwung mit Body und Stimme k\u00fcmmern. Anders ausgedr\u00fcckt: &#8222;It don&#8217;t mean a thing if you sing without swing&#8220;. Dar\u00fcber hinaus bietet er &#8211; wie in den letzten Jahren &#8211; Privatstunden f\u00fcr Gesang an, die allerdings nicht in der Kursgeb\u00fchr enthalten sind und mit ihm direkt verrechnet werden m\u00fcssen.<\/p><p class=\"bodytext\">\u00a0<\/p>\t\t\t\t\t\t\t\t<\/div>\n\t\t\t\t<\/div>\n\t\t\t\t<\/div>\n\t\t\t\t\t<\/div>\n\t\t\t\t<\/div>\n\t\t<div class=\"elementor-element elementor-element-5ddaceb e-flex e-con-boxed e-con e-parent\" data-id=\"5ddaceb\" data-element_type=\"container\" data-e-type=\"container\">\n\t\t\t\t\t<div class=\"e-con-inner\">\n\t\t<div class=\"elementor-element elementor-element-24bc5f0 e-con-full e-flex e-con e-child\" data-id=\"24bc5f0\" data-element_type=\"container\" data-e-type=\"container\">\n\t\t\t\t<div class=\"elementor-element elementor-element-2f15042 elementor-widget elementor-widget-image\" data-id=\"2f15042\" data-element_type=\"widget\" data-e-type=\"widget\" data-widget_type=\"image.default\">\n\t\t\t\t<div class=\"elementor-widget-container\">\n\t\t\t\t\t\t\t\t\t\t\t\t\t\t\t\t<a href=\"https:\/\/www.uli-hoffmeier.de\/wp-content\/uploads\/2024\/11\/Uli_Hoffmeier-25-01-19-139X\u00a9Pollert.jpg\" data-elementor-open-lightbox=\"yes\" data-elementor-lightbox-title=\"Uli_Hoffmeier-25-01-19-139X\u00a9Pollert\" data-e-action-hash=\"#elementor-action%3Aaction%3Dlightbox%26settings%3DeyJpZCI6NjUsInVybCI6Imh0dHBzOlwvXC93d3cudWxpLWhvZmZtZWllci5kZVwvd3AtY29udGVudFwvdXBsb2Fkc1wvMjAyNFwvMTFcL1VsaV9Ib2ZmbWVpZXItMjUtMDEtMTktMTM5WFx1MDBhOVBvbGxlcnQuanBnIn0%3D\">\n\t\t\t\t\t\t\t<img decoding=\"async\" src=\"https:\/\/www.uli-hoffmeier.de\/wp-content\/uploads\/2024\/11\/Uli_Hoffmeier-25-01-19-139X\u00a9Pollert.jpg\" title=\"Uli_Hoffmeier-25-01-19-139X\u00a9Pollert\" alt=\"Uli_Hoffmeier-25-01-19-139X\u00a9Pollert\" loading=\"lazy\" \/>\t\t\t\t\t\t\t\t<\/a>\n\t\t\t\t\t\t\t\t\t\t\t\t\t\t\t<\/div>\n\t\t\t\t<\/div>\n\t\t\t\t<\/div>\n\t\t<div class=\"elementor-element elementor-element-346f01c e-con-full e-flex e-con e-child\" data-id=\"346f01c\" data-element_type=\"container\" data-e-type=\"container\">\n\t\t\t\t<div class=\"elementor-element elementor-element-f7db7cb elementor-widget elementor-widget-text-editor\" data-id=\"f7db7cb\" data-element_type=\"widget\" data-e-type=\"widget\" data-widget_type=\"text-editor.default\">\n\t\t\t\t<div class=\"elementor-widget-container\">\n\t\t\t\t\t\t\t\t\t<p class=\"bodytext\"><b>Uli Hoffmeier &#8211; <\/b>vielen von euch brauche ich mich ja nicht mehr vorzustellen: seit 20 Jahren bin ich Mitglied des Palastorchesters, wo ich neben der Gitarre so exotische Instrumente wie Banjo, Geige, Balalaika, Ukulele, Mandoline und nat\u00fcrlich die Singende S\u00e4ge spiele. Auf unz\u00e4hligen CDs und Filmaufnahmen habe ich mitgewirkt und dar\u00fcber hinaus Zeit gefunden, in Theatern und Orchestern auszuhelfen, Bands zu coachen und nat\u00fcrlich eigene Projekte wie das &#8222;Premier Swingtett&#8220; oder das Gitarrenduo &#8222;Gitarresque&#8220; ins Leben rufen. Meine \u00fcber die Jahre gewonnen Erfahrungen beim Spielen und Unterrichten lassen mich folgende Schwerpunkte setzen: das Spielerische, das Gemeinsame, das Kommunikative der Musik.<\/p><p><a href=\"http:\/\/www.uli-hoffmeier.de\/en\/\">www.uli-hoffmeier.de<\/a><\/p>\t\t\t\t\t\t\t\t<\/div>\n\t\t\t\t<\/div>\n\t\t\t\t<\/div>\n\t\t\t\t\t<\/div>\n\t\t\t\t<\/div>\n\t\t<div class=\"elementor-element elementor-element-e496d69 e-flex e-con-boxed e-con e-parent\" data-id=\"e496d69\" data-element_type=\"container\" data-e-type=\"container\">\n\t\t\t\t\t<div class=\"e-con-inner\">\n\t\t\t\t<div class=\"elementor-element elementor-element-6195981 elementor-widget elementor-widget-heading\" data-id=\"6195981\" data-element_type=\"widget\" data-e-type=\"widget\" data-widget_type=\"heading.default\">\n\t\t\t\t<div class=\"elementor-widget-container\">\n\t\t\t\t\t<h2 class=\"elementor-heading-title elementor-size-default\">Location<\/h2>\t\t\t\t<\/div>\n\t\t\t\t<\/div>\n\t\t\t\t<div class=\"elementor-element elementor-element-46e155d elementor-widget elementor-widget-text-editor\" data-id=\"46e155d\" data-element_type=\"widget\" data-e-type=\"widget\" data-widget_type=\"text-editor.default\">\n\t\t\t\t<div class=\"elementor-widget-container\">\n\t\t\t\t\t\t\t\t\t<p class=\"bodytext\"><span lang=\"zxx\">Das Hotel Relais du Silence Val Baussenc (<a class=\"linkExt\" href=\"http:\/\/www.valbaussenc.com\/\" target=\"_blank\" rel=\"noopener\"><img decoding=\"async\" src=\"http:\/\/www.uli-hoffmeier.de\/40\/fileadmin\/uli-templates\/link_ext.gif\" alt=\"\" width=\"8\" height=\"8\" border=\"0\" \/>\u00a0http:\/\/www.valbaussenc.com<\/a>), in dem wir nun schon zum 9. mal logieren, liegt am \u00f6stlichen Ortsausgang von Maussane-Les-Alpilles, einem typischen, provenzalischen Ort am Rand der Alpilles. Es befindet sich nur wenige Gehminuten vom Dorfzentrum entfernt, ist ein Drei-Sterne-Haus und liegt &#8211; umgeben von Olivenb\u00e4umen und Pappeln &#8211; ruhig und zur\u00fcckgesetzt von der Stra\u00dfe. Die 25 gem\u00fctlichen Zimmer (zwei als behindertengerecht ausgewiesen) bieten Ausblick ins Gr\u00fcne. Der Au\u00dfenbereich wird von einer park\u00e4hnlichen Gr\u00fcnanlage bestimmt, auch ein Pool steht den Hotelg\u00e4sten zur Verf\u00fcgung sowie eine Sauna bzw. Hamam. Beim Betreten des Hotels befindet man sich in einer Lobby mit Kamin, in der allabendlich spontane Sessions stattfinden.<\/span><\/p><p class=\"bodytext\" lang=\"zxx\">The restaurant offers a beautiful view of the park and the four-course evening menu (starter, main course, cheese, dessert, including wine and coffee) impresses with typical Proven\u00e7al delicacies. A pretty terrace, densely entwined with vines, invites you to jam, chat and talk shop over an afternoon Pastis. The lobby and restaurant provide space for daily classes.<\/p><p class=\"bodytext\" lang=\"zxx\">Die Alpilles sind ein 12 Kilometer s\u00fcdlich von Avignon gelegener H\u00f6henzug, der die n\u00f6rdlich gelegene kleine Crau von der eigentlichen, s\u00fcdlich gelegenen Crau trennt, die in die Carmargue \u00fcbergeht. Maussane hat einen idyllischen Marktplatz, auf dem einmal w\u00f6chentlich Markttag ist und eine Oliven\u00f6l-M\u00fchle, die eines der besten \u00d6le Frankreichs produziert. In der N\u00e4he gibt es zahlreiche Weing\u00fcter, die teilweise sehr hochwertige (und mitunter auch hochpreisige) Weine keltern. Die Camargue ist ca. eine halbe Stunde Autofahrt entfernt. Das an der Rhone gelegene Arles mit der r\u00f6mischen Arena liegt nur ein paar Kilometer westlich von Maussane. Die weltbekannte Ruine Les Baux blickt von Norden auf Maussane herab. N\u00f6rdlich davon, auf der anderen Seite der Alpilles, liegt das kleine St\u00e4dtchen St. R\u00e9my, in dem u.a. Nostradamus und Van Ghogh lebten, der dort einige seiner ber\u00fchmtesten Bilder malte.<\/p>\t\t\t\t\t\t\t\t<\/div>\n\t\t\t\t<\/div>\n\t\t\t\t<div class=\"elementor-element elementor-element-d459b74 elementor-widget elementor-widget-heading\" data-id=\"d459b74\" data-element_type=\"widget\" data-e-type=\"widget\" data-widget_type=\"heading.default\">\n\t\t\t\t<div class=\"elementor-widget-container\">\n\t\t\t\t\t<h2 class=\"elementor-heading-title elementor-size-default\">The course<\/h2>\t\t\t\t<\/div>\n\t\t\t\t<\/div>\n\t\t\t\t<div class=\"elementor-element elementor-element-c8ccdc3 elementor-widget elementor-widget-text-editor\" data-id=\"c8ccdc3\" data-element_type=\"widget\" data-e-type=\"widget\" data-widget_type=\"text-editor.default\">\n\t\t\t\t<div class=\"elementor-widget-container\">\n\t\t\t\t\t\t\t\t\t<p class=\"bodytext\">Am Anreisetag (Sonntag, den 21.10.2018) treffen wir uns vor dem gemeinsamen Abendessen um ca. 19.00 Uhr zum Kennenlernen und Austausch eventuell noch n\u00f6tiger Informationen. Erster Kurstag ist dann Montag, der 22.Oktober, letzter Kurstag ist Samstag, der 27. Oktober, Abfahrt ist am Sonntag, den 28.10.2018 nach dem Fr\u00fchst\u00fcck. Wir haben wie im letzten Jahr sechs volle Unterrichtstage und sieben N\u00e4chte.<\/p><p class=\"bodytext\">Der Unterricht findet statt:<\/p><p class=\"bodytext\">Montag, Dienstag, Donnerstag, Freitag und Samstag von 10.00 &#8211; 13.00 Uhr.<br \/>Mittwoch von 15.30 bis 18.30 (wegen des gemeinsamen Besuches des provencalischen Marktes in St. R\u00e9my).<\/p><p class=\"bodytext\" lang=\"zxx\">Das tagliche &#8222;Eingrooven&#8220; mit J\u00fcrgen Haufer findet f\u00fcr alle (auch f\u00fcr die mitreisenden Partnerinnen und Partner) jeweils eine halbe Stunde vorher statt, also am Montag, Dienstag und Donnerstag bis Samstag um 9:30, am Mittwoch um 15:00 Uhr.<\/p><p lang=\"zxx\"><strong>Thema des Kurses: &#8222;Swing!Swing!Swing!&#8220;<\/strong><\/p><p class=\"bodytext\" lang=\"zxx\">Wir werden uns mit der Spielweise einiger stilpr\u00e4genden Swinggitarristen wie Herb Ellis, Bucky Pizzarelli oder Charlie Christian besch\u00e4ftigen um herauszufinden, wie man ebenso locker und groovig spielen kann, sowohl beim Begleiten als auch beim Solieren. Wichtig f\u00fcr die Begleitung ist vor allem ein weicher Wechsel der Akkorde, die als ein-, zwei-, drei- oder vierstimmige Voicings ausgef\u00fchrt werden, um die Musik &#8222;in Schwung&#8220; zu halten. Beim Solieren geht es um Artikulation und Phrasierung. In den daf\u00fcr ausgesuchten Soli \u00fcber Swingklassiker wie &#8222;Airmail Special&#8220;, &#8222;Do nothin&#8216; till you hear from me&#8220;, der Originalkomposition von Herb Ellis &#8222;Harpers Ferry&#8220; und anderen St\u00fccken finden wir die typischen Licks, die wir zun\u00e4chst einzeln \u00fcben um sie dann in unsere Soli einflie\u00dfenen zu lassen. Hinweise auf andere Begleit- und Solokonzepte ber\u00fchmter Swinggitarristen wie Barry Galbraith, Allan Reuss oder Django Reinhardt werden unseren Blickwinkel erweitern.<\/p><p class=\"bodytext\" lang=\"zxx\">Wie in den letzten Jahren wird jedem Dozenten eine gleich gro\u00dfe Unterrichtsgruppen zugeordnet, die jedoch nicht nach &#8222;K\u00f6nnen&#8220; oder &#8222;Wissen&#8220; sondern auf grund meiner Erfahrung und Einsch\u00e4tzung zusammengestellt wird. Nat\u00fcrlich kann jeder Teilnehmer diese Gruppe vor Beginn des Kurses aus pers\u00f6nlichen Gr\u00fcnden wechseln sofern kein all zu gro\u00dfes, zahlenm\u00e4\u00dfiges Ungleichgewicht der Gruppen entsteht! Die Gruppen wechseln den Dozenten nach der H\u00e4lfte der Zeit, jeder Teilnehmer hat also genauso lange Unterricht bei jedem Dozenten.<\/p><p class=\"bodytext\" lang=\"zxx\">Unterrichtssprache bei Matt ist Englisch, bei Uli \u201eFradenglisch\u201c (Franz\u00f6sich, Deutsch, Englisch).<\/p><p class=\"bodytext\" lang=\"zxx\">Wie in jedem Jahr wird es auch diesmal wieder viel Gelegenheit f\u00fcr spontane Sessions geben!<\/p><p class=\"bodytext\" lang=\"zxx\">Am Samstag Abend findet \u2013 unterst\u00fctzt durch die Stadt Maussane sowie unser Hotel &#8211; das \u00f6ffentliche Abschlu\u00dfkonzert unter (freiwilliger) Beteiligung aller Teilnehmer statt, in dem u.a. die Ergebnisse des Workshops pr\u00e4sentiert und zusammen musiziert wird. Der Zuspruch in der Bev\u00f6lkerung hat dabei \u00fcber die Jahre konstant zugenommen. Bitte nicht vergessen: Notenst\u00e4nder mitnehmen und bei Bedarf einen Gitarrenverst\u00e4rker, Kabel, Nebeninstrumente etc.<\/p>\t\t\t\t\t\t\t\t<\/div>\n\t\t\t\t<\/div>\n\t\t\t\t<div class=\"elementor-element elementor-element-587e32e elementor-widget elementor-widget-heading\" data-id=\"587e32e\" data-element_type=\"widget\" data-e-type=\"widget\" data-widget_type=\"heading.default\">\n\t\t\t\t<div class=\"elementor-widget-container\">\n\t\t\t\t\t<h2 class=\"elementor-heading-title elementor-size-default\">Terms and conditions<\/h2>\t\t\t\t<\/div>\n\t\t\t\t<\/div>\n\t\t\t\t<div class=\"elementor-element elementor-element-5d36d33 elementor-widget elementor-widget-text-editor\" data-id=\"5d36d33\" data-element_type=\"widget\" data-e-type=\"widget\" data-widget_type=\"text-editor.default\">\n\t\t\t\t<div class=\"elementor-widget-container\">\n\t\t\t\t\t\t\t\t\t<p><strong>Anmeldefrist<\/strong>: 19. Juli 2018<br \/><strong>Kosten<\/strong>:<\/p><ul><li>1020,00 \u20ac pro Person bei Einzelzimmerbelegung<\/li><li>1340,00 \u20ac f\u00fcr zwei Personen im Doppelzimmer (ein aktiver, ein mitreisender Teilnehmer)<\/li><\/ul><p>Die Teilnahmegeb\u00fchr beinhaltet Kursgeb\u00fchr und Hotelkosten incl. Halbpension f\u00fcr 7 N\u00e4chte vom 21.10.-28.10.2017 (21.10. Anreisetag, 28.10. Abreisetag).<\/p><p class=\"bodytext\" lang=\"zxx\">Die Teilnehmer erkl\u00e4ren sich ausdr\u00fccklich damit einverstanden, da\u00df ihre Anmeldedaten wie Email, Telefon und Adresse untereinander bekanntgegeben und ausgetauscht werden d\u00fcrfen um z.B. eine gemeinsame Anreise zu organisieren oder abzukl\u00e4ren, wer welche zus\u00e4tzlichen Instrumente mitbringt. Auch die Ver\u00f6ffentlichung von Fotos, Videos oder Audioaufnahmen wird ausdr\u00fccklich genehmigt.<\/p><p><strong>\u00dcberweisung der Teilnahmegeb\u00fchr bitte auf das Konto:<\/strong><br \/>Ulrich Hoffmeier, Postbank Berlin<br \/>IBAN: DE24 1001 0010 0189 5451 04<br \/>BIC: PBNKDEFF<\/p><p class=\"bodytext\" lang=\"zxx\"><b>Anspruch auf Teilnahme entsteht erst nach Eingang der \u00dcberweisung und nur bei bestehendem Platzangebot streng nach der Reihenfolge der Anmeldungen\/\u00dcberweisungen (first come first serve). Ich behalte mir vor, Teilnehmern abzusagen. <\/b><\/p>\t\t\t\t\t\t\t\t<\/div>\n\t\t\t\t<\/div>\n\t\t\t\t<div class=\"elementor-element elementor-element-7137ff5 elementor-widget elementor-widget-heading\" data-id=\"7137ff5\" data-element_type=\"widget\" data-e-type=\"widget\" data-widget_type=\"heading.default\">\n\t\t\t\t<div class=\"elementor-widget-container\">\n\t\t\t\t\t<h2 class=\"elementor-heading-title elementor-size-default\">Cancellation Policy<\/h2>\t\t\t\t<\/div>\n\t\t\t\t<\/div>\n\t\t\t\t<div class=\"elementor-element elementor-element-e534327 elementor-widget elementor-widget-text-editor\" data-id=\"e534327\" data-element_type=\"widget\" data-e-type=\"widget\" data-widget_type=\"text-editor.default\">\n\t\t\t\t<div class=\"elementor-widget-container\">\n\t\t\t\t\t\t\t\t\t<p class=\"bodytext\" lang=\"zxx\">Im Falle eines R\u00fccktritts bis zum 19. Juli 2018 wird die komplette Kursgeb\u00fchr abz\u00fcglich 30,- \u20ac Bearbeitungsgeb\u00fchr zur\u00fcckerstattet. Bei einem R\u00fccktritt nach dem 20. Juli 2018 wird die Teilnahmegeb\u00fchr in voller H\u00f6he verrechnet &#8211; es sei denn, ein Ersatzteilnehmer wird benannt, der den Kursplatz \u00fcbernimmt. Sollte der Kurs abgesagt werden m\u00fcssen, wird die Teilnahmegeb\u00fchr komplett zur\u00fcckerstattet. Die maximale Teilnehmerzahl ist auf 24 Personen beschr\u00e4nkt. Mit der \u00dcberweisung werden die Teilnahmebdingungen akzeptiert.<\/p>\t\t\t\t\t\t\t\t<\/div>\n\t\t\t\t<\/div>\n\t\t\t\t<div class=\"elementor-element elementor-element-00ebe14 elementor-widget elementor-widget-heading\" data-id=\"00ebe14\" data-element_type=\"widget\" data-e-type=\"widget\" data-widget_type=\"heading.default\">\n\t\t\t\t<div class=\"elementor-widget-container\">\n\t\t\t\t\t<h2 class=\"elementor-heading-title elementor-size-default\">Registration<\/h2>\t\t\t\t<\/div>\n\t\t\t\t<\/div>\n\t\t\t\t<div class=\"elementor-element elementor-element-e478eb9 elementor-widget elementor-widget-text-editor\" data-id=\"e478eb9\" data-element_type=\"widget\" data-e-type=\"widget\" data-widget_type=\"text-editor.default\">\n\t\t\t\t<div class=\"elementor-widget-container\">\n\t\t\t\t\t\t\t\t\t<p>per Post an Ulrich Hoffmeier, Schulstr.6, D-13507 Berlin, Germany<br \/>oder Email an uli_hoffmeier@yahoo.de,<br \/>weitere Infos unter: www.uli-hoffmeier.de<br \/>www.facebook.com\/workshop-Jazzguitar-Provence-1416169921977071\/<\/p><p>\u00a0<\/p><p>Name:<\/p><p>Anschrift:<\/p><p>Telefon\/E-Mail:<\/p><p>Personenanzahl:<\/p><p>Datum, Unterschrift:<\/p><p>\u00a0<\/p><p><strong>Ich habe die Teilnahmebedingungen gelesen und akzeptiert.<\/strong><\/p>\t\t\t\t\t\t\t\t<\/div>\n\t\t\t\t<\/div>\n\t\t\t\t\t<\/div>\n\t\t\t\t<\/div>\n\t\t\t\t<\/div>","protected":false},"excerpt":{"rendered":"<p>Workshop Jazzguitar Provence 2018 Mit Matt Munisteri (New York) und Uli Hoffmeier (Berlin) vom 21. &#8211; 28. Oktober 2018 (6Tage, 7 N\u00e4chte) in Maussane-Les-Alpilles. Special Guest: J\u00fcrgen Haufer (K\u00f6ln) Thema: Swing!Swing!Swing! Matt Munisteri ist in Brooklyn aufgewachsen und spielte zun\u00e4chst Bluegrass Banjo.Seine Liebe zum fr\u00fchen Jazz und anderer Musik der &#8222;Gaslicht \u00c4ra&#8220; lie\u00df ihn zu [&hellip;]<\/p>\n","protected":false},"author":1,"featured_media":0,"parent":128,"menu_order":0,"comment_status":"closed","ping_status":"closed","template":"elementor_header_footer","meta":{"footnotes":""},"class_list":["post-1104","page","type-page","status-publish","hentry"],"_links":{"self":[{"href":"https:\/\/www.uli-hoffmeier.de\/en\/wp-json\/wp\/v2\/pages\/1104","targetHints":{"allow":["GET"]}}],"collection":[{"href":"https:\/\/www.uli-hoffmeier.de\/en\/wp-json\/wp\/v2\/pages"}],"about":[{"href":"https:\/\/www.uli-hoffmeier.de\/en\/wp-json\/wp\/v2\/types\/page"}],"author":[{"embeddable":true,"href":"https:\/\/www.uli-hoffmeier.de\/en\/wp-json\/wp\/v2\/users\/1"}],"replies":[{"embeddable":true,"href":"https:\/\/www.uli-hoffmeier.de\/en\/wp-json\/wp\/v2\/comments?post=1104"}],"version-history":[{"count":13,"href":"https:\/\/www.uli-hoffmeier.de\/en\/wp-json\/wp\/v2\/pages\/1104\/revisions"}],"predecessor-version":[{"id":1121,"href":"https:\/\/www.uli-hoffmeier.de\/en\/wp-json\/wp\/v2\/pages\/1104\/revisions\/1121"}],"up":[{"embeddable":true,"href":"https:\/\/www.uli-hoffmeier.de\/en\/wp-json\/wp\/v2\/pages\/128"}],"wp:attachment":[{"href":"https:\/\/www.uli-hoffmeier.de\/en\/wp-json\/wp\/v2\/media?parent=1104"}],"curies":[{"name":"wp","href":"https:\/\/api.w.org\/{rel}","templated":true}]}}