{"id":1122,"date":"2025-01-06T12:55:13","date_gmt":"2025-01-06T11:55:13","guid":{"rendered":"https:\/\/ulihoffmeier-99a1bzfn.live-website.com\/?page_id=1122"},"modified":"2025-01-06T13:26:16","modified_gmt":"2025-01-06T12:26:16","slug":"ws-provence-2017","status":"publish","type":"page","link":"https:\/\/www.uli-hoffmeier.de\/en\/workshops-lessons\/workshop-jazzguitar-provence\/ws-provence-2017\/","title":{"rendered":"WS Provence 2017"},"content":{"rendered":"<div data-elementor-type=\"wp-page\" data-elementor-id=\"1122\" class=\"elementor elementor-1122\" data-elementor-post-type=\"page\">\n\t\t\t\t<div class=\"elementor-element elementor-element-f78f32c e-flex e-con-boxed e-con e-parent\" data-id=\"f78f32c\" data-element_type=\"container\" data-e-type=\"container\">\n\t\t\t\t\t<div class=\"e-con-inner\">\n\t\t\t\t<div class=\"elementor-element elementor-element-078ecfe elementor-widget elementor-widget-heading\" data-id=\"078ecfe\" data-element_type=\"widget\" data-e-type=\"widget\" data-widget_type=\"heading.default\">\n\t\t\t\t<div class=\"elementor-widget-container\">\n\t\t\t\t\t<h1 class=\"elementor-heading-title elementor-size-default\">Workshop Jazzguitar Provence 2017<\/h1>\t\t\t\t<\/div>\n\t\t\t\t<\/div>\n\t\t\t\t<div class=\"elementor-element elementor-element-1a1443c elementor-widget elementor-widget-heading\" data-id=\"1a1443c\" data-element_type=\"widget\" data-e-type=\"widget\" data-widget_type=\"heading.default\">\n\t\t\t\t<div class=\"elementor-widget-container\">\n\t\t\t\t\t<h2 class=\"elementor-heading-title elementor-size-default\">R\u00fcckblick 2017<\/h2>\t\t\t\t<\/div>\n\t\t\t\t<\/div>\n\t\t\t\t<div class=\"elementor-element elementor-element-b406f22 elementor-widget elementor-widget-text-editor\" data-id=\"b406f22\" data-element_type=\"widget\" data-e-type=\"widget\" data-widget_type=\"text-editor.default\">\n\t\t\t\t<div class=\"elementor-widget-container\">\n\t\t\t\t\t\t\t\t\t<p class=\"bodytext\">Der 13.Internationale \u201eWorkshop Jazzguitar Provence 2017\u201c liegt nun schon ein paar Wochen hinter uns und war eine phantastische Veranstaltung, dank unseres Dozenten James Chirillo aus New York und der so wunderbar funktionierenden Gruppe aller Teilnehmer sowie der mitgereisten Frauen, \u201eKinder\u201c und Hunde. Die Verl\u00e4ngerung des Workshops auf nunmehr sechs Tage fand allgemeine Zustimmung und wirkte sich sehr positiv aus: in beiden Gruppen hat nun jeder Dozent drei volle Tage und die Vorbereitung des Abschlu\u00dfkonzertes ist entspannter.<\/p><p class=\"bodytext\">Unser Hotel \u201eVal Baussenc\u201c \u00fcberraschte uns diesmal mit gro\u00dfformatigen Portraits von Jazzmusikern in der Bar, u.a. Miles Davis und \u201eGitarrengott\u201c Django Reinhardt. Dort unterrichtete James seine Klasse, w\u00e4hrend Uli wie gewohnt seine \u201eEleven\u201c in dem Bereich \u201etrietzte\u201c, der zwischen Lobby und Erdgescho\u00dfr\u00e4umen liegt. J\u00fcrgen Haufer besetzte kurzerhand den im letzten Jahr neu gebauten Sauna\/Fitnessbereich als Unterrichtsraum f\u00fcrs nachmitt\u00e4gliche Vocal-Coaching.<\/p><p class=\"bodytext\">Und die ganze Woche lockte der Pool mit angenehmen 26\u00b0 und die Sonne mit 27\u00b0&#8230;<\/p><p class=\"bodytext\">K\u00f6chin Cecile hatte ihre K\u00fcnste abermals verfeinert um das abendliche 4-Gang-Men\u00fc auf ein noch h\u00f6heres Niveau zu bringen. Oft wehte schon zu Unterrichtszeiten ein Duft aus der K\u00fcche von Karamel, Zwiebeln oder k\u00f6chelndem Gem\u00fcse und lie\u00df uns das Wasser im Mund zusammenlaufen. Das Abendessen wurde dann von uns durch das inzwischen legend\u00e4re \u201eKulturprogramm\u201c zwischen den einzelnen G\u00e4ngen gew\u00fcrzt.<\/p><p class=\"bodytext\">Nach dem Essen wurde Musik gemacht, getanzt und diskret weiter getrunken!<\/p><p class=\"bodytext\">Die Teilnehmer waren einerseits die \u201e\u00fcblichen Verd\u00e4chtigen\u201c, denen man beim Spielen ihre positive musikalische Entwicklung \u00fcber all die Jahre anmerkte. Andererseits waren auch fast ein Drittel \u201eErstt\u00e4ter\u201c dabei, die ihre Vorkenntnisse und F\u00e4higkeiten voll einbringen konnten und schnell in die Gruppe integriert wurden.<\/p><p class=\"bodytext\">Morgens um 9:30 bat J\u00fcrgen Haufer zum \u201eWarm-up\u201c: wegen des tollen Wetters fand das gemeinsame Singen f\u00fcr alle immer drau\u00dfen statt. Besondere Ber\u00fccksichtigung fand dabei das Thema \u201eRhyhtm is it!\u201c z.B. im Kanon \u201eFeel the Rhythm\u201c, der unser Anschlu\u00dfkonzert er\u00f6ffnete. Neben einfachen Stimm- und Artikulations\u00fcbungen, widmeten wir uns aber auch ein wenig der Bodypercussion im \u2013 ebenfalls als Kanon angelegten \u2013 Sprechst\u00fcck \u201eNew York City \u2013 Cannes\u201c, das beim Abschlu\u00dfkonzert als Zugabe zur Auff\u00fchrung kam. Am nachmittag wurde von J\u00fcrgen ein Chor mit Gitarrenunterst\u00fctzung von Ron und Peter ins Leben gerufen, der soviel Spa\u00df machte, da\u00df er im n\u00e4chsten Jahr fortgef\u00fchrt werden soll.<\/p><p class=\"bodytext\">James Chirillo aus New York war zwar vor dem Workshop nicht allen Teilnehmern bekannt aber seine praxisorientierte Unterrichtsweise und seine au\u00dfergew\u00f6hnlich gute Vorbereitung einschlie\u00dflich Script lie\u00dfen keine Fragen oder W\u00fcnsche offen. Er legte gr\u00f6\u00dften Wert auf das H\u00f6ren der \u201ealten\u201c Meister und hatte daf\u00fcr zahlreiche Beispiele mitgebracht, u.a. von Eddie Lang, Carl Cress, Allan Reuss und nat\u00fcrlich Freddie Green.<\/p><p class=\"bodytext\">In meinem Unterricht gab es neben dem \u00fcblichen Skript eine Neuerung: ein Flipchart mit vorbereitetem Notenmaterial half, die Aufmerksamkeit auf besondere Aspekte des Themas \u201eRhythmus\u201c zu fokussieren ohne die K\u00f6pfe ins Skript senken zu m\u00fcssen. Ich legte wie \u00fcblich gro\u00dfen Wert auf das Spielen, wozu wie bisher Gitarrengruppen gebildet wurden, in denen reihum jeder einmal Three-Note-Rhythm-Voicings, Freddie Green&#8217;s Counter Tenor Line (One-Note-Voicings), die Ba\u00dfstimme oder Modern Compings spielte. Und nat\u00fcrlich auch solierte. Es konnten allerdings nicht alle Aspekte meines Skriptes bis in die Tiefe durchgearbeitet werden, und auch die magnetischen Noten f\u00fcr das Flipchart kamen (noch) nicht zum Einsatz. Aber am Ende der Woche wu\u00dfte jeder, wie inspirierend aber auch umfangreich das Thema \u201eRhythmus\u201c ist und welche \u00dcbungen uns weiterbringen k\u00f6nnen.<\/p><p class=\"bodytext\">Das Abschlu\u00dfkonzert am Samstag abend im Salle Jean Favier wurde wie in den letzten Jahren durch Yves Lopez und seinem Team vom Amt der Stadt Maussane unterst\u00fctzt: neben der Herrichtung des Saales mit St\u00fchlen und Licht gab es anschlie\u00dfend auch einen kleinen Umtrunk und Snacks. Au\u00dferdem wurden die Werbung und die Kosten f\u00fcr die SECAM, Pendant der GEMA in Deutschland, \u00fcbernommen. Bis auf einige Solisten spielten wir ganz akustisch und fast ohne Notenst\u00e4nder eine gro\u00dfe Bandbreite an Jazz: neben dem schon erw\u00e4hnten Kanon \u201eRhythm of Life\u201c reichte die Spannbreite von Titeln aus den fr\u00fchen Tagen des Jazz, Standards aus dem Great American Songbook, Latin und dem im Western Swing von unserem weit angereisten Kanadier Ron gesungenen Titel \u201eI&#8217;m an old Cowhand\u201c, bei dem Gitarre und Bass durch Kittis Klarinette und meine Geige unterst\u00fctzt wurden. Erhard brillierte mit einem Banjosolo w\u00e4hrend James und seine Frau Valerie an der Geige das Programm mit franz\u00f6sischen Musettwalzern bereicherten. Highlight aber war ein im passenden Outfit getanzter Flamenco von Wolfgangs Tochter Greta, der von Dietmar als \u201eBuleria\u201c authentisch begleitet wurde. Dagegen konnte als letztes St\u00fcck nur noch ein von Mark unglaublich stark gesungener und von allen gespielter Blues ankommen, \u201eEveryday I&#8217;ve got the Blues\u201c.<\/p><p class=\"bodytext\">Nach dem Konzert: der inzwischen traditionelle Champagnerumtrunk im Hotel mit \u00dcberreichung der Urkunden f\u00fcr die erfolgreiche Teilnahme.<\/p><p class=\"bodytext\">Das St\u00e4ndchen f\u00fcr die Hotel-Crew wurde mit einer Trinkgeldsammlung verbunden und die Feier dauerte dann bis in die fr\u00fchen Morgenstunden.<\/p><p class=\"bodytext\">2018 werden mit <a href=\"http:\/\/www.mattmunisteri.com\/\">Matt Munisteri<\/a> einen weiteren, profilierten Gitarristen aus New York als Dozenten haben. Ich werde Matt im April in New York treffen und mit ihm das Thema des Workshop \u201eSwing.Swing.Swing\u201c umrei\u00dfen und anschlie\u00dfend dar\u00fcber informieren.<\/p>\t\t\t\t\t\t\t\t<\/div>\n\t\t\t\t<\/div>\n\t\t\t\t<div class=\"elementor-element elementor-element-4b1380e elementor-widget elementor-widget-heading\" data-id=\"4b1380e\" data-element_type=\"widget\" data-e-type=\"widget\" data-widget_type=\"heading.default\">\n\t\t\t\t<div class=\"elementor-widget-container\">\n\t\t\t\t\t<h2 class=\"elementor-heading-title elementor-size-default\">Registration<\/h2>\t\t\t\t<\/div>\n\t\t\t\t<\/div>\n\t\t\t\t<div class=\"elementor-element elementor-element-a2a1455 elementor-widget elementor-widget-text-editor\" data-id=\"a2a1455\" data-element_type=\"widget\" data-e-type=\"widget\" data-widget_type=\"text-editor.default\">\n\t\t\t\t<div class=\"elementor-widget-container\">\n\t\t\t\t\t\t\t\t\t<h5 class=\"western\" lang=\"zxx\" align=\"JUSTIFY\"><b>Mit James Chirillo (New York) und Uli Hoffmeier (Berlin) vom 8. &#8211; 15. Oktober 2017 (6Tage, 7 N\u00e4chte) in Maussane-Les-Alpilles. Special Guest: J\u00fcrgen Haufer (K\u00f6ln)<\/b><\/h5>\t\t\t\t\t\t\t\t<\/div>\n\t\t\t\t<\/div>\n\t\t\t\t\t<\/div>\n\t\t\t\t<\/div>\n\t\t<div class=\"elementor-element elementor-element-25aa4e9 e-flex e-con-boxed e-con e-parent\" data-id=\"25aa4e9\" data-element_type=\"container\" data-e-type=\"container\">\n\t\t\t\t\t<div class=\"e-con-inner\">\n\t\t<div class=\"elementor-element elementor-element-dc667cf e-con-full e-flex e-con e-child\" data-id=\"dc667cf\" data-element_type=\"container\" data-e-type=\"container\">\n\t\t\t\t<div class=\"elementor-element elementor-element-fbd71d2 elementor-widget elementor-widget-image\" data-id=\"fbd71d2\" data-element_type=\"widget\" data-e-type=\"widget\" data-widget_type=\"image.default\">\n\t\t\t\t<div class=\"elementor-widget-container\">\n\t\t\t\t\t\t\t\t\t\t\t\t\t\t\t\t<a href=\"https:\/\/www.uli-hoffmeier.de\/wp-content\/uploads\/2025\/01\/image-4.jpeg\" data-elementor-open-lightbox=\"yes\" data-elementor-lightbox-title=\"James Chirillo\" data-elementor-lightbox-description=\"James Chirillo\" data-e-action-hash=\"#elementor-action%3Aaction%3Dlightbox%26settings%3DeyJpZCI6MTE0MCwidXJsIjoiaHR0cHM6XC9cL3d3dy51bGktaG9mZm1laWVyLmRlXC93cC1jb250ZW50XC91cGxvYWRzXC8yMDI1XC8wMVwvaW1hZ2UtNC5qcGVnIn0%3D\">\n\t\t\t\t\t\t\t<img decoding=\"async\" src=\"https:\/\/www.uli-hoffmeier.de\/wp-content\/uploads\/2025\/01\/image-4.jpeg\" title=\"James Chirillo\" alt=\"James Chirillo\" loading=\"lazy\" \/>\t\t\t\t\t\t\t\t<\/a>\n\t\t\t\t\t\t\t\t\t\t\t\t\t\t\t<\/div>\n\t\t\t\t<\/div>\n\t\t\t\t<\/div>\n\t\t<div class=\"elementor-element elementor-element-9f4feb6 e-con-full e-flex e-con e-child\" data-id=\"9f4feb6\" data-element_type=\"container\" data-e-type=\"container\">\n\t\t\t\t<div class=\"elementor-element elementor-element-fd0526a elementor-widget elementor-widget-text-editor\" data-id=\"fd0526a\" data-element_type=\"widget\" data-e-type=\"widget\" data-widget_type=\"text-editor.default\">\n\t\t\t\t<div class=\"elementor-widget-container\">\n\t\t\t\t\t\t\t\t\t<p class=\"bodytext\"><b>James Chirillo<\/b> stammt urspr\u00fcnglich aus Washington, studierte aber Gitarre bei Jack Peterson in North Texas und bei Remo Palmier und Tiny Grimes New York, wo er auch seit 1982 lebt. Er spielte u.a. mit Benny Goodman, Ken Peplowski, Tony Benett, Dick Hyman, im Buck Clayton Orchestra und ist Mitglied des von Wynton Marsalis geleiteten Jazz at Lincoln Center Orchestra. Mit dieser Band und mit einer seiner Combos habe ich ihn letztes Jahr in New York live \u00a0geh\u00f6rt.\u00a0<\/p><p class=\"bodytext\"><a href=\"http:\/\/www.james.chirillo.com\/\" target=\"_blank\" rel=\"noopener\">www.james.chirillo.com<\/a><\/p><p class=\"bodytext\">\u00a0<\/p>\t\t\t\t\t\t\t\t<\/div>\n\t\t\t\t<\/div>\n\t\t\t\t<\/div>\n\t\t\t\t\t<\/div>\n\t\t\t\t<\/div>\n\t\t<div class=\"elementor-element elementor-element-06b656a e-flex e-con-boxed e-con e-parent\" data-id=\"06b656a\" data-element_type=\"container\" data-e-type=\"container\">\n\t\t\t\t\t<div class=\"e-con-inner\">\n\t\t<div class=\"elementor-element elementor-element-4048d21 e-con-full e-flex e-con e-child\" data-id=\"4048d21\" data-element_type=\"container\" data-e-type=\"container\">\n\t\t\t\t<div class=\"elementor-element elementor-element-5964785 elementor-widget elementor-widget-image\" data-id=\"5964785\" data-element_type=\"widget\" data-e-type=\"widget\" data-widget_type=\"image.default\">\n\t\t\t\t<div class=\"elementor-widget-container\">\n\t\t\t\t\t\t\t\t\t\t\t\t\t\t\t\t<a href=\"https:\/\/www.uli-hoffmeier.de\/wp-content\/uploads\/2025\/01\/image-8.jpeg\" data-elementor-open-lightbox=\"yes\" data-e-action-hash=\"#elementor-action%3Aaction%3Dlightbox%26settings%3DeyJpZCI6MTE0OCwidXJsIjoiaHR0cHM6XC9cL3d3dy51bGktaG9mZm1laWVyLmRlXC93cC1jb250ZW50XC91cGxvYWRzXC8yMDI1XC8wMVwvaW1hZ2UtOC5qcGVnIn0%3D\">\n\t\t\t\t\t\t\t<img decoding=\"async\" src=\"https:\/\/www.uli-hoffmeier.de\/wp-content\/uploads\/2025\/01\/image-8.jpeg\" title=\"\" alt=\"\" loading=\"lazy\" \/>\t\t\t\t\t\t\t\t<\/a>\n\t\t\t\t\t\t\t\t\t\t\t\t\t\t\t<\/div>\n\t\t\t\t<\/div>\n\t\t\t\t<\/div>\n\t\t<div class=\"elementor-element elementor-element-11d654c e-con-full e-flex e-con e-child\" data-id=\"11d654c\" data-element_type=\"container\" data-e-type=\"container\">\n\t\t\t\t<div class=\"elementor-element elementor-element-e398144 elementor-widget elementor-widget-text-editor\" data-id=\"e398144\" data-element_type=\"widget\" data-e-type=\"widget\" data-widget_type=\"text-editor.default\">\n\t\t\t\t<div class=\"elementor-widget-container\">\n\t\t\t\t\t\t\t\t\t<p class=\"bodytext\"><b>J\u00fcrgen Haufer<\/b> studierte Gesang, Gitarre und Jazzarrangement und arbeitet zur Zeit als Lehrbeauftragter an der Uni K\u00f6ln. Ich lernte J\u00fcrgen anl\u00e4\u00dflich seines j\u00e4hrlichen Chorworkshops &#8222;Singen und Swingen&#8220; auf der Burg F\u00fcrsteneck kennen und sch\u00e4tzen. In Maussane wird er uns morgens &#8222;eingrooven&#8220; und sich dabei um Rhythmus mit Body und Stimme k\u00fcmmern. Dar\u00fcber hinaus bietet er &#8211; wie im letzten Jahr &#8211; Privatstunden f\u00fcr Gesang an, die allerdings nicht in der Kursgeb\u00fchr enthalten sind und die mit ihm direkt verrechnet werden m\u00fcssen.<\/p><p class=\"bodytext\"><a class=\"linkExt\" href=\"http:\/\/www.amagomusik.de\/\" target=\"_blank\" rel=\"noopener\"><img decoding=\"async\" src=\"http:\/\/www.uli-hoffmeier.de\/41\/fileadmin\/uli-templates\/link_ext.gif\" alt=\"\" width=\"8\" height=\"8\" border=\"0\" \/>\u00a0www.amagomusik.de<\/a><\/p>\t\t\t\t\t\t\t\t<\/div>\n\t\t\t\t<\/div>\n\t\t\t\t<\/div>\n\t\t\t\t\t<\/div>\n\t\t\t\t<\/div>\n\t\t<div class=\"elementor-element elementor-element-448cd96 e-flex e-con-boxed e-con e-parent\" data-id=\"448cd96\" data-element_type=\"container\" data-e-type=\"container\">\n\t\t\t\t\t<div class=\"e-con-inner\">\n\t\t<div class=\"elementor-element elementor-element-d22dedc e-con-full e-flex e-con e-child\" data-id=\"d22dedc\" data-element_type=\"container\" data-e-type=\"container\">\n\t\t\t\t<div class=\"elementor-element elementor-element-2efb9c1 elementor-widget elementor-widget-image\" data-id=\"2efb9c1\" data-element_type=\"widget\" data-e-type=\"widget\" data-widget_type=\"image.default\">\n\t\t\t\t<div class=\"elementor-widget-container\">\n\t\t\t\t\t\t\t\t\t\t\t\t\t\t\t\t<a href=\"https:\/\/www.uli-hoffmeier.de\/wp-content\/uploads\/2024\/11\/Uli_Hoffmeier-25-01-19-139X\u00a9Pollert.jpg\" data-elementor-open-lightbox=\"yes\" data-elementor-lightbox-title=\"Uli_Hoffmeier-25-01-19-139X\u00a9Pollert\" data-e-action-hash=\"#elementor-action%3Aaction%3Dlightbox%26settings%3DeyJpZCI6NjUsInVybCI6Imh0dHBzOlwvXC93d3cudWxpLWhvZmZtZWllci5kZVwvd3AtY29udGVudFwvdXBsb2Fkc1wvMjAyNFwvMTFcL1VsaV9Ib2ZmbWVpZXItMjUtMDEtMTktMTM5WFx1MDBhOVBvbGxlcnQuanBnIn0%3D\">\n\t\t\t\t\t\t\t<img decoding=\"async\" src=\"https:\/\/www.uli-hoffmeier.de\/wp-content\/uploads\/2024\/11\/Uli_Hoffmeier-25-01-19-139X\u00a9Pollert.jpg\" title=\"Uli_Hoffmeier-25-01-19-139X\u00a9Pollert\" alt=\"Uli_Hoffmeier-25-01-19-139X\u00a9Pollert\" loading=\"lazy\" \/>\t\t\t\t\t\t\t\t<\/a>\n\t\t\t\t\t\t\t\t\t\t\t\t\t\t\t<\/div>\n\t\t\t\t<\/div>\n\t\t\t\t<\/div>\n\t\t<div class=\"elementor-element elementor-element-c6b9676 e-con-full e-flex e-con e-child\" data-id=\"c6b9676\" data-element_type=\"container\" data-e-type=\"container\">\n\t\t\t\t<div class=\"elementor-element elementor-element-40e11a9 elementor-widget elementor-widget-text-editor\" data-id=\"40e11a9\" data-element_type=\"widget\" data-e-type=\"widget\" data-widget_type=\"text-editor.default\">\n\t\t\t\t<div class=\"elementor-widget-container\">\n\t\t\t\t\t\t\t\t\t<p class=\"bodytext translation-block\">I don't need to introduce myself to some of you: I'm <b>Uli Hoffmeier<\/b>, and I've been a member of the <b>Palastorchestra with its singer Max Raabe<\/b> for over 20 years, where I play not only guitar, banjo, balalaika, ukulele and mandolin, but also violin and musical saw. I have appeared on countless CDs and film recordings and also found time to help out in theaters and orchestras, coach bands and launch my own projects such as the <b>\u201cPremier Swingtett\u201d<\/b> or the guitar duo <b>\u201cGitarresque\u201d<\/b>. My experience in playing and teaching over the years has led me to focus on the following: the playful, the communal, and the communicative aspects of (jazz) music.<\/p><p class=\"bodytext\"><a class=\"linkExt\" href=\"http:\/\/www.uli-hoffmeier.de\/en\/\" target=\"_blank\" rel=\"noopener\"><img decoding=\"async\" src=\"http:\/\/www.uli-hoffmeier.de\/41\/fileadmin\/uli-templates\/link_ext.gif\" alt=\"\" width=\"8\" height=\"8\" border=\"0\" \/>\u00a0http:\/\/www.uli-hoffmeier.de<\/a><\/p><p class=\"bodytext\">\u00a0<\/p>\t\t\t\t\t\t\t\t<\/div>\n\t\t\t\t<\/div>\n\t\t\t\t<\/div>\n\t\t\t\t\t<\/div>\n\t\t\t\t<\/div>\n\t\t<div class=\"elementor-element elementor-element-5924914 e-flex e-con-boxed e-con e-parent\" data-id=\"5924914\" data-element_type=\"container\" data-e-type=\"container\">\n\t\t\t\t\t<div class=\"e-con-inner\">\n\t\t\t\t<div class=\"elementor-element elementor-element-2f8c323 elementor-widget elementor-widget-heading\" data-id=\"2f8c323\" data-element_type=\"widget\" data-e-type=\"widget\" data-widget_type=\"heading.default\">\n\t\t\t\t<div class=\"elementor-widget-container\">\n\t\t\t\t\t<h2 class=\"elementor-heading-title elementor-size-default\">Location<\/h2>\t\t\t\t<\/div>\n\t\t\t\t<\/div>\n\t\t\t\t<div class=\"elementor-element elementor-element-31a9e88 elementor-widget elementor-widget-text-editor\" data-id=\"31a9e88\" data-element_type=\"widget\" data-e-type=\"widget\" data-widget_type=\"text-editor.default\">\n\t\t\t\t<div class=\"elementor-widget-container\">\n\t\t\t\t\t\t\t\t\t<p class=\"bodytext\"><span lang=\"zxx\">Das Hotel Relais du Silence Val Baussenc (<a class=\"linkExt\" href=\"http:\/\/www.valbaussenc.com\/\" target=\"_blank\" rel=\"noopener\"><img decoding=\"async\" src=\"http:\/\/www.uli-hoffmeier.de\/38\/fileadmin\/uli-templates\/link_ext.gif\" alt=\"\" width=\"8\" height=\"8\" border=\"0\" \/>\u00a0http:\/\/www.valbaussenc.com<\/a>), in dem wir nun schon zum 8. mal logieren, liegt am \u00f6stlichen Ortsausgang von Maussane-Les-Alpilles, einem typischen, provenzalischen Ort am Rand der Alpilles. Es befindet sich nur wenige Gehminuten vom Dorfzentrum entfernt, ist ein Drei-Sterne-Haus und liegt &#8211; umgeben von Olivenb\u00e4umen und Pappeln &#8211; ruhig und zur\u00fcckgesetzt von der Stra\u00dfe. Die 25 gem\u00fctlichen Zimmer (zwei als behindertengerecht ausgewiesen) bieten Ausblick ins Gr\u00fcne. Der Au\u00dfenbereich wird von einer park\u00e4hnlichen Gr\u00fcnanlage bestimmt, auch ein Pool steht den Hotelg\u00e4sten zur Verf\u00fcgung sowie eine Sauna bzw. Hamam. Beim Betreten des Hotels befindet man sich in einer Lobby mit Kamin, in der allabendlich spontane Sessions stattfinden.<\/span><\/p><p class=\"bodytext\" lang=\"zxx\">Vom Restaurant hat man einen sch\u00f6nen Blick in den Park und beim abendlichen Vier-Gang-Menu (Vorspeise, Hauptgang, Dessert, K\u00e4se, incl. Wein und Kaffee) \u00fcberzeugt die K\u00fcche mit typisch provenzalischen K\u00f6stlichkeiten. Eine schmucke Terrasse, dicht umwuchert von Weinreben, l\u00e4dt zum Jammen, Kl\u00f6nen und Fachsimpeln beim nachmitt\u00e4glichen Pastis ein. Die Lobby und das Restaurant bieten Platz f\u00fcr den t\u00e4glichen Unterricht.<\/p><div id=\"c107\" class=\"csc-default\"><div class=\"csc-textpic csc-textpic-intext-left\"><div class=\"csc-textpic-text\"><p class=\"bodytext\" lang=\"zxx\">Die Alpilles sind ein 12 Kilometer s\u00fcdlich von Avignon gelegener H\u00f6henzug, der die n\u00f6rdlich gelegene kleine Crau von der eigentlichen, s\u00fcdlich gelegenen Crau trennt, die in die Carmargue \u00fcbergeht. Maussane hat einen idyllischen Marktplatz auf dem einmal w\u00f6chentlich Markttag ist und eine Oliven\u00f6l-M\u00fchle, die eines der besten \u00d6le Frankreichs produziert. In der N\u00e4he gibt es zahlreiche Weing\u00fcter, die teilweise sehr hochwertige und hochpreisige Weine keltern. Die Camargue ist ca. eine halbe Stunde Autofahrt entfernt. Das an der Rhone gelegene Arles mit der r\u00f6mischen Arena liegt nur ein paar Kilometer westlich von Maussane. Die weltbekannte Ruine Les Baux blickt von Norden auf Maussane herab. N\u00f6rdlich davon, auf der anderen Seite der Alpilles, liegt das kleine St\u00e4dtchen St. R\u00e9my, in dem Van Ghogh lebte und einige seiner ber\u00fchmtesten Bilder malte.<\/p><\/div><\/div><\/div>\t\t\t\t\t\t\t\t<\/div>\n\t\t\t\t<\/div>\n\t\t\t\t<div class=\"elementor-element elementor-element-b18e2e9 elementor-widget elementor-widget-heading\" data-id=\"b18e2e9\" data-element_type=\"widget\" data-e-type=\"widget\" data-widget_type=\"heading.default\">\n\t\t\t\t<div class=\"elementor-widget-container\">\n\t\t\t\t\t<h2 class=\"elementor-heading-title elementor-size-default\">The course<\/h2>\t\t\t\t<\/div>\n\t\t\t\t<\/div>\n\t\t\t\t<div class=\"elementor-element elementor-element-940955e elementor-widget elementor-widget-text-editor\" data-id=\"940955e\" data-element_type=\"widget\" data-e-type=\"widget\" data-widget_type=\"text-editor.default\">\n\t\t\t\t<div class=\"elementor-widget-container\">\n\t\t\t\t\t\t\t\t\t<p class=\"bodytext\" lang=\"zxx\">Am Anreisetag (Sonntag, den 8.10.2017) treffen wir uns vor dem gemeinsamen Abendessen um ca. 19.00 Uhr zum Kennenlernen und Austausch eventuell noch n\u00f6tiger Informationen. Erster Kurstag ist dann Montag, der 9.Oktober, letzter Kurstag ist Samstag, der 14. Oktober, Abfahrt ist am Sonntag, den 15.10.2016 nach dem Fr\u00fchst\u00fcck. Wir haben auf Wunsch vieler Teilnehmer zum ersten mal sechs volle Unterrichtstage und sieben N\u00e4chte. Dadurch hat sich der Preis des Workshops insgesamt erh\u00f6ht.<\/p><p class=\"bodytext\" lang=\"zxx\">Der Unterricht findet statt:<\/p><ul><li class=\"bodytext\" lang=\"zxx\">Montag, Dienstag, Donnerstag, Freitag und Samstag von 10.00 &#8211; 13.00 Uhr.<\/li><li class=\"bodytext\" lang=\"zxx\">Mittwoch von 15.30 bis 18.30 (wegen Besuch des provencalischen Marktes in St. R\u00e9my).<\/li><\/ul><p class=\"bodytext\" lang=\"zxx\">Das tagliche &#8222;Eingrooven&#8220; mit J\u00fcrgen Haufer findet f\u00fcr alle (auch f\u00fcr die mitreisenden Partnerinnen und Partner) jeweils eine halbe Stunde vorher statt, also am Montag, Dienstag und Donnerstag bis Samstag um 9:30, am Mittwoch um 15:00 Uhr.<\/p><p class=\"bodytext\" lang=\"zxx\">Thema des Kurses: <b>&#8222;Rhythm is it!&#8220;<\/b>.<\/p><p class=\"bodytext\" lang=\"zxx\">Es geht nat\u00fcrlich nicht nur um &#8222;Rhythmusgitarre&#8220; spielen &#8211; obwohl James Chirillo einer der kompetentesten Rhythmusspieler \u00fcberhaupt ist (auch auf dem Banjo!). Vielmehr werden wir &#8222;Rhythmus&#8220; als pulsierendes und wiederkehrendes Element im Spannungsfeld zwischen Kl\u00e4ngen und Pausen erleben und daf\u00fcr<\/p><ul><li class=\"bodytext\" lang=\"zxx\">Grundkenntnisse auffrischen (Rhythmuspyramide)<\/li><li class=\"bodytext\" lang=\"zxx\">wesentliche Jazzrhythmen kennen, singen und spielen lernen<\/li><li class=\"bodytext\" lang=\"zxx\">Synkopierung \u00fcben und nachzuempfinden versuchen<\/li><li class=\"bodytext\" lang=\"zxx\">uns mit dem Play\/Rest approach besch\u00e4ftigen, also mit Pacing, Phrasenl\u00e4nge, rhyhtmischer Verdichtung und rhythmischen Verschiebungen bei Melodien und im Soloaufbau<\/li><li class=\"bodytext\" lang=\"zxx\">einen Blick auf Timing und Mikrotiming (stretching time) werfen<\/li><li class=\"bodytext\" lang=\"zxx\">Tempostudien f\u00fcr Extrembereiche sowie double und half time kennenlernen.<\/li><\/ul><p class=\"bodytext\" lang=\"zxx\">Wie in den letzten Jahren wird jedem Dozenten eine gleich gro\u00dfe Unterrichtsgruppen zugeordnet, die jedoch nicht nach &#8222;K\u00f6nnen&#8220; oder &#8222;Wissen&#8220; sondern auf grund meiner Erfahrung und Einsch\u00e4tzung zusammengestellt wird. Nat\u00fcrlich kann jeder Teilnehmer diese Gruppe vor Beginn des Kurses aus pers\u00f6nlichen Gr\u00fcnden wechseln sofern kein all zu gro\u00dfes, zahlenm\u00e4\u00dfiges Ungleichgewicht der Gruppen entsteht! Die Gruppen wechseln den Dozenten nach der H\u00e4lfte der Zeit, jeder Teilnehmer hat also genauso lange Unterricht bei jedem Dozenten.<\/p><p class=\"bodytext\" lang=\"zxx\">Unterrichtssprache bei James ist Englisch, bei Uli \u201eFradenglisch\u201c (Franz\u00f6sich, Deutsch, Englisch).<\/p><p class=\"bodytext\" lang=\"zxx\">Wie in jedem Jahr wird es auch diesmal wieder viel Gelegenheit f\u00fcr spontane Sessions geben!<\/p><p class=\"bodytext\" lang=\"zxx\">Am Samstag Abend findet mit Unterst\u00fctzung unseres Hotels sowie der Stadt Maussane das \u00f6ffentliche Abschlu\u00dfkonzert unter (freiwilliger) Beteiligung aller Teilnehmer statt, in dem u.a. die Ergebnisse des Workshops pr\u00e4sentiert und zusammen musiziert wird. Der Zuspruch in der Bev\u00f6lkerung hat dabei \u00fcber die Jahre konstant zugenommen. Bitte nicht vergessen: Notenst\u00e4nder mitnehmen und bei Bedarf einen Gitarrenverst\u00e4rker, Kabel, Nebeninstrumente etc.<\/p>\t\t\t\t\t\t\t\t<\/div>\n\t\t\t\t<\/div>\n\t\t\t\t<div class=\"elementor-element elementor-element-2a57e20 elementor-widget elementor-widget-heading\" data-id=\"2a57e20\" data-element_type=\"widget\" data-e-type=\"widget\" data-widget_type=\"heading.default\">\n\t\t\t\t<div class=\"elementor-widget-container\">\n\t\t\t\t\t<h2 class=\"elementor-heading-title elementor-size-default\">Terms and conditions<\/h2>\t\t\t\t<\/div>\n\t\t\t\t<\/div>\n\t\t\t\t<div class=\"elementor-element elementor-element-9dc3793 elementor-widget elementor-widget-text-editor\" data-id=\"9dc3793\" data-element_type=\"widget\" data-e-type=\"widget\" data-widget_type=\"text-editor.default\">\n\t\t\t\t<div class=\"elementor-widget-container\">\n\t\t\t\t\t\t\t\t\t<p><strong>Anmeldefrist<\/strong>: 19. Juli 2017<br \/><strong>Kosten<\/strong>:<\/p><ul><li>1020,00 \u20ac pro Person bei Einzelzimmerbelegung<\/li><li>1340,00 \u20ac f\u00fcr zwei Personen im Doppelzimmer (ein aktiver, ein mitreisender Teilnehmer)\u00a0<\/li><\/ul><p class=\"bodytext\" lang=\"zxx\">Die Teilnahmegeb\u00fchr beinhaltet Kursgeb\u00fchr und Hotelkosten incl. Halbpension f\u00fcr 7 N\u00e4chte vom 8.10.-15.10.2017 (8.10. Anreisetag, 15.10. Abreisetag).<\/p><p class=\"bodytext\" lang=\"zxx\">Die Teilnehmer erkl\u00e4ren sich ausdr\u00fccklich damit einverstanden, da\u00df ihre Anmeldedaten wie Email, Telefon und Adresse untereinander bekanntgegeben und ausgetauscht werden d\u00fcrfen um z.B. eine gemeinsame Anreise zu organisieren oder abzukl\u00e4ren, wer welche zus\u00e4tzlichen Instrumente mitbringt. Auch die Ver\u00f6ffentlichung von Fotos, Videos oder Audioaufnahmen wird ausdr\u00fccklich genehmigt.<\/p><p><strong>\u00dcberweisung der Teilnahmegeb\u00fchr bitte auf das Konto:<\/strong><br \/>Ulrich Hoffmeier, Postbank Berlin<br \/>IBAN: DE24 1001 0010 0189 5451 04<br \/>BIC: PBNKDEFF<\/p><p><strong>Anspruch auf Teilnahme entsteht erst nach Eingang der \u00dcberweisung und nur bei bestehendem Platzangebot streng nach Reihenfolge der Anmeldungen\/\u00dcberweisungen (first come first serve). Ich behalte mir vor, Teilnehmern abzusagen. Es besteht kein verbindlicher Anspruch auf die hier beschriebenen Inhalte des Kurses oder die Auswahl der Dozenten.<\/strong><\/p>\t\t\t\t\t\t\t\t<\/div>\n\t\t\t\t<\/div>\n\t\t\t\t<div class=\"elementor-element elementor-element-6e8b203 elementor-widget elementor-widget-heading\" data-id=\"6e8b203\" data-element_type=\"widget\" data-e-type=\"widget\" data-widget_type=\"heading.default\">\n\t\t\t\t<div class=\"elementor-widget-container\">\n\t\t\t\t\t<h2 class=\"elementor-heading-title elementor-size-default\">Cancellation Policy<\/h2>\t\t\t\t<\/div>\n\t\t\t\t<\/div>\n\t\t\t\t<div class=\"elementor-element elementor-element-b8542fa elementor-widget elementor-widget-text-editor\" data-id=\"b8542fa\" data-element_type=\"widget\" data-e-type=\"widget\" data-widget_type=\"text-editor.default\">\n\t\t\t\t<div class=\"elementor-widget-container\">\n\t\t\t\t\t\t\t\t\t<p class=\"bodytext\" lang=\"zxx\">Im Falle eines R\u00fccktritts bis zum 19. Juli 2017 wird die komplette Kursgeb\u00fchr abz\u00fcglich 30,- \u20ac Bearbeitungsgeb\u00fchr zur\u00fcckerstattet. Bei einem R\u00fccktritt nach dem 20. Juli 2017 wird die Teilnahmegeb\u00fchr in voller H\u00f6he verrechnet &#8211; es sei denn, ein Ersatzteilnehmer wird benannt, der den Kursplatz \u00fcbernimmt. Sollte der Kurs abgesagt werden m\u00fcssen, wird die Teilnahmegeb\u00fchr komplett zur\u00fcckerstattet. Sollten sich zu den neuen Bedingungen (ein Tag mehr, h\u00f6here Kosten) nicht gen\u00fcgend Teilnehmer anmelden, behalte ich mir vor, den Kurs wieder zu einem 5-t\u00e4tigen Workshop mit 6 \u00dcbernachtungen umzuwandeln. Zu viel gezahlte Geb\u00fchren werden dann erstattet. Die maximale Teilnehmerzahl ist auf 24 Personen beschr\u00e4nkt. Mit der \u00dcberweisung werden die Teilnahmebdingungen akzeptiert.<\/p>\t\t\t\t\t\t\t\t<\/div>\n\t\t\t\t<\/div>\n\t\t\t\t<div class=\"elementor-element elementor-element-e05473a elementor-widget elementor-widget-heading\" data-id=\"e05473a\" data-element_type=\"widget\" data-e-type=\"widget\" data-widget_type=\"heading.default\">\n\t\t\t\t<div class=\"elementor-widget-container\">\n\t\t\t\t\t<h2 class=\"elementor-heading-title elementor-size-default\">Registration<\/h2>\t\t\t\t<\/div>\n\t\t\t\t<\/div>\n\t\t\t\t<div class=\"elementor-element elementor-element-13c2959 elementor-widget elementor-widget-text-editor\" data-id=\"13c2959\" data-element_type=\"widget\" data-e-type=\"widget\" data-widget_type=\"text-editor.default\">\n\t\t\t\t<div class=\"elementor-widget-container\">\n\t\t\t\t\t\t\t\t\t<p>per Post an Ulrich Hoffmeier, Schulstr.6, D-13507 Berlin, Germany<br \/>oder Email an uli_hoffmeier@yahoo.de,<br \/>weitere Infos unter: www.uli-hoffmeier.de<br \/>www.facebook.com\/workshop-Jazzguitar-Provence-1416169921977071\/<\/p><p>\u00a0<\/p><p>Name:<\/p><p>Anschrift:<\/p><p>Telefon\/E-Mail:<\/p><p>Personenanzahl:<\/p><p>Datum, Unterschrift:<\/p><p>\u00a0<\/p><p><strong>Ich habe die Teilnahmebedingungen gelesen und akzeptiert.<\/strong><\/p>\t\t\t\t\t\t\t\t<\/div>\n\t\t\t\t<\/div>\n\t\t\t\t\t<\/div>\n\t\t\t\t<\/div>\n\t\t\t\t<\/div>","protected":false},"excerpt":{"rendered":"<p>Workshop Jazzguitar Provence 2017 R\u00fcckblick 2017 Der 13.Internationale \u201eWorkshop Jazzguitar Provence 2017\u201c liegt nun schon ein paar Wochen hinter uns und war eine phantastische Veranstaltung, dank unseres Dozenten James Chirillo aus New York und der so wunderbar funktionierenden Gruppe aller Teilnehmer sowie der mitgereisten Frauen, \u201eKinder\u201c und Hunde. Die Verl\u00e4ngerung des Workshops auf nunmehr sechs [&hellip;]<\/p>\n","protected":false},"author":1,"featured_media":0,"parent":128,"menu_order":0,"comment_status":"closed","ping_status":"closed","template":"elementor_header_footer","meta":{"footnotes":""},"class_list":["post-1122","page","type-page","status-publish","hentry"],"_links":{"self":[{"href":"https:\/\/www.uli-hoffmeier.de\/en\/wp-json\/wp\/v2\/pages\/1122","targetHints":{"allow":["GET"]}}],"collection":[{"href":"https:\/\/www.uli-hoffmeier.de\/en\/wp-json\/wp\/v2\/pages"}],"about":[{"href":"https:\/\/www.uli-hoffmeier.de\/en\/wp-json\/wp\/v2\/types\/page"}],"author":[{"embeddable":true,"href":"https:\/\/www.uli-hoffmeier.de\/en\/wp-json\/wp\/v2\/users\/1"}],"replies":[{"embeddable":true,"href":"https:\/\/www.uli-hoffmeier.de\/en\/wp-json\/wp\/v2\/comments?post=1122"}],"version-history":[{"count":26,"href":"https:\/\/www.uli-hoffmeier.de\/en\/wp-json\/wp\/v2\/pages\/1122\/revisions"}],"predecessor-version":[{"id":1157,"href":"https:\/\/www.uli-hoffmeier.de\/en\/wp-json\/wp\/v2\/pages\/1122\/revisions\/1157"}],"up":[{"embeddable":true,"href":"https:\/\/www.uli-hoffmeier.de\/en\/wp-json\/wp\/v2\/pages\/128"}],"wp:attachment":[{"href":"https:\/\/www.uli-hoffmeier.de\/en\/wp-json\/wp\/v2\/media?parent=1122"}],"curies":[{"name":"wp","href":"https:\/\/api.w.org\/{rel}","templated":true}]}}