{"id":806,"date":"2024-11-29T13:48:14","date_gmt":"2024-11-29T12:48:14","guid":{"rendered":"https:\/\/ulihoffmeier-99a1bzfn.live-website.com\/?page_id=806"},"modified":"2024-12-01T20:20:52","modified_gmt":"2024-12-01T19:20:52","slug":"ws-provence-2020","status":"publish","type":"page","link":"https:\/\/www.uli-hoffmeier.de\/en\/workshops-lessons\/workshop-jazzguitar-provence\/ws-provence-2020\/","title":{"rendered":"WS Provence 2020"},"content":{"rendered":"<div data-elementor-type=\"wp-page\" data-elementor-id=\"806\" class=\"elementor elementor-806\" data-elementor-post-type=\"page\">\n\t\t\t\t<div class=\"elementor-element elementor-element-fdaf9d9 e-flex e-con-boxed e-con e-parent\" data-id=\"fdaf9d9\" data-element_type=\"container\" data-e-type=\"container\">\n\t\t\t\t\t<div class=\"e-con-inner\">\n\t\t\t\t<div class=\"elementor-element elementor-element-d21b73e elementor-widget elementor-widget-heading\" data-id=\"d21b73e\" data-element_type=\"widget\" data-e-type=\"widget\" data-widget_type=\"heading.default\">\n\t\t\t\t<div class=\"elementor-widget-container\">\n\t\t\t\t\t<h1 class=\"elementor-heading-title elementor-size-default\">16. Workshop Jazzguitar Provence 2020<\/h1>\t\t\t\t<\/div>\n\t\t\t\t<\/div>\n\t\t\t\t\t<\/div>\n\t\t\t\t<\/div>\n\t\t<div class=\"elementor-element elementor-element-74b6b24 e-flex e-con-boxed e-con e-parent\" data-id=\"74b6b24\" data-element_type=\"container\" data-e-type=\"container\">\n\t\t\t\t\t<div class=\"e-con-inner\">\n\t\t\t\t<div class=\"elementor-element elementor-element-cc26a54 elementor-widget__width-inherit elementor-widget elementor-widget-text-editor\" data-id=\"cc26a54\" data-element_type=\"widget\" data-e-type=\"widget\" data-widget_type=\"text-editor.default\">\n\t\t\t\t<div class=\"elementor-widget-container\">\n\t\t\t\t\t\t\t\t\t<p class=\"align-center\" lang=\"zxx\"><b>Der &#8222;Workshop Jazzguitar Provence 2020&#8220; mu\u00dfte wegen den Coronama\u00dfnahmen abgesagt werden.<\/b><\/p>\t\t\t\t\t\t\t\t<\/div>\n\t\t\t\t<\/div>\n\t\t\t\t<div class=\"elementor-element elementor-element-ac6f962 elementor-widget elementor-widget-text-editor\" data-id=\"ac6f962\" data-element_type=\"widget\" data-e-type=\"widget\" data-widget_type=\"text-editor.default\">\n\t\t\t\t<div class=\"elementor-widget-container\">\n\t\t\t\t\t\t\t\t\t<p>Hier die urspr\u00fcngliche Ausschreibung:<\/p>\t\t\t\t\t\t\t\t<\/div>\n\t\t\t\t<\/div>\n\t\t\t\t<div class=\"elementor-element elementor-element-d04affb elementor-widget-divider--view-line elementor-widget elementor-widget-divider\" data-id=\"d04affb\" data-element_type=\"widget\" data-e-type=\"widget\" data-widget_type=\"divider.default\">\n\t\t\t\t<div class=\"elementor-widget-container\">\n\t\t\t\t\t\t\t<div class=\"elementor-divider\">\n\t\t\t<span class=\"elementor-divider-separator\">\n\t\t\t\t\t\t<\/span>\n\t\t<\/div>\n\t\t\t\t\t\t<\/div>\n\t\t\t\t<\/div>\n\t\t\t\t<div class=\"elementor-element elementor-element-ed2f179 elementor-widget elementor-widget-text-editor\" data-id=\"ed2f179\" data-element_type=\"widget\" data-e-type=\"widget\" data-widget_type=\"text-editor.default\">\n\t\t\t\t<div class=\"elementor-widget-container\">\n\t\t\t\t\t\t\t\t\t<h2 class=\"bodytext\"><strong>16.Workshop Jazzguitar Provence 2020 Anmeldung &#8211; Application \u2013 Inscription (English see below)<\/strong><\/h2><p class=\"western\" lang=\"zxx\" align=\"JUSTIFY\">Organisiert und durchgef\u00fchrt von <b>Uli Hoffmeier<\/b> (Berlin), mit special guest <b>James Chirillo <\/b>(New York), sowie dem Vocalcoach und Chorleiter <b>J\u00fcrgen Haufer<\/b> (K\u00f6ln), Gitarrist <b>Malibu Gorde<\/b>s (Berlin) sowie \u2013 <b>NEU<\/b> \u2013 dem Schlagzeuger <b>Frank Winkelmann<\/b> (Berlin) vom 18.10. &#8211; 25.10.2020 (6Tage, 7 N\u00e4chte) in Maussane-Les-Alpilles (Provence). Thema:<b> Spielen mit Rhythmusgruppe &#8211; Artikulation\/Phrasierung <\/b><\/p><p class=\"bodytext\" lang=\"zxx\"><span lang=\"zxx\">Bereits 2017 war <\/span><span lang=\"zxx\"><b>James Chirillo<\/b><\/span><span lang=\"zxx\"> unser amerikanischer Dozent und \u00fcberraschte neben seinem Spiel mit einem elaborierten Script und seinem Humor. U<\/span>rspr\u00fcnglich aus Washington, studierte er Gitarre bei der Jazzgitarrenlegende Jack Peterson in North Texas und bei Remo Palmier und Tiny Grimes in New York, wo er auch seit 1982 lebt. Er spielte u.a. mit Benny Goodman, Ken Peplowski, Tony Benett, Dick Hyman, im Buck Clayton Orchestra und ist Mitglied des von Wynton Marsalis geleiteten Jazz at Lincoln Center Orchestra. Neben seiner traditionellen Rhythmusarbeit und seinem meisterhaften Begleiten auf der akustischen Archtop, beherrscht er auch die im Bebop verwurzelte, modernere Artikulation auf der elektrisch verst\u00e4rkten Jazzgitarre.<\/p><p class=\"bodytext\"><a class=\"linkExt\" href=\"http:\/\/www.james.chirillo.com\/\" target=\"_blank\" rel=\"noopener\"><img decoding=\"async\" src=\"http:\/\/www.uli-hoffmeier.de\/51\/fileadmin\/uli-templates\/link_ext.gif\" alt=\"\" width=\"8\" height=\"8\" border=\"0\" \/>\u00a0http:\/\/www.james.chirillo.com<\/a><\/p><p class=\"bodytext\"><strong>J\u00fcrgen Haufer<\/strong> studierte Gesang, Gitarre und Jazzarrangement und widmet sich neben dem Leiten und Coachen von Ch\u00f6ren seinem Bandprojekt Amago, mit dem er zwei CDs eingespielt hat. Zum f\u00fcnften mal mit dabei, wird er alle Teilnehmer sowie ihre mitreisenden Partner, Kinder, Enkel oder Hunde (!) morgens vor dem Unterricht&#8220; eingrooven&#8220; und sich dabei um den richtigen &#8222;Schwing&#8220; f\u00fcr Body und Soul k\u00fcmmern. Gegen 18:00 Uhr bietet er eine Chorwerkstatt f\u00fcr alle an, bei der es weniger um vorzeigbare Ergebnisse geht als um den Spa\u00df, gemeinsam zu singen und die eigene Stimme besser kennen zu lernen. Es k\u00f6nnen auch Privatstunden bei ihm gebucht werden.<\/p><p class=\"bodytext\"><a class=\"linkExt\" href=\"http:\/\/www.amagomusik.de\/\" target=\"_blank\" rel=\"noopener\"><img decoding=\"async\" src=\"http:\/\/www.uli-hoffmeier.de\/51\/fileadmin\/uli-templates\/link_ext.gif\" alt=\"\" width=\"8\" height=\"8\" border=\"0\" \/>\u00a0www.amagomusik.de<\/a><\/p><p class=\"bodytext\"><strong>Malibu Gordes<\/strong> war zun\u00e4chst im Rockbereich u.a. mit der Band &#8222;She&#8217;s China&#8220; sehr erfolgreich, bis seine Leidenschaft f\u00fcr den Jazz entbrannte, den er seitdem in einschl\u00e4gigen Besetzungen Berlins auf die B\u00fchne bringt. Mit Ulrich Hoffmeier verbindet ihn die jahrelange Arbeit im Premier Swingtett und dem Gitarrenduo &#8222;Gitarresque&#8220;. Die Erfahrungen an der eigenen Gitarrenschule, wo fast ausschlie\u00dflich Jazzgitarre unterrichtet wird, sowie beim Leiten von Sessions pr\u00e4destinieren ihn daf\u00fcr, die t\u00e4gliche &#8222;Gef\u00fchrte Session&#8220; in Maussane von 17:00-18:00 Uhr in die Hand zu nehmen.<\/p><p class=\"bodytext\"><a class=\"linkExt\" href=\"http:\/\/www.malibu-gordes.com\/\" target=\"_blank\" rel=\"noopener\"><img decoding=\"async\" src=\"http:\/\/www.uli-hoffmeier.de\/51\/fileadmin\/uli-templates\/link_ext.gif\" alt=\"\" width=\"8\" height=\"8\" border=\"0\" \/>\u00a0www.malibu-gordes.com<\/a><\/p><p class=\"bodytext\">Seit seinem 9. Lebensjahr trommelte und klopfte <b>Frank Winkelmann<\/b> zum Leidwesen von Eltern, Geschwistern und Nachbarn auf dazu ungeeignete Dinge wie Tassen und Tellern bis er mit elf Jahren endlich das erste Schlagzeug und etwas sp\u00e4ter Unterricht u.a. bei Willi Ketzer, Sperie Karas sowie Roland Zeldenrust bekam. Seit dem Studium am Konservatorium der Stadt K\u00f6ln bei Prof. Christoph Caskel besch\u00e4ftigt er sich mit der Cajon als Basis eines minimalistischen Drumsets. Er wird uns beim Unterricht auf die &#8222;richtige&#8220; Spur (Groove) bringen und uns rhythmisch begleiten.<\/p><p class=\"bodytext\">Einigen von Euch brauche ich mich ja nicht mehr vorzustellen: Ich bin <b>Uli Hoffmeier<\/b> und seit \u00fcber 20 Jahren Mitglied des <b>Palastorchesters mit seinem S\u00e4nger Max Raabe<\/b>, wo ich neben Gitarre, Banjo, Balalaika, Ukulele und Mandoline auch Geige und Singende S\u00e4ge spiele. Auf unz\u00e4hligen CDs und Filmaufnahmen habe ich mitgewirkt und dar\u00fcber hinaus Zeit gefunden, in Theatern und Orchestern auszuhelfen, Bands zu coachen und eigene Projekte wie das <b>&#8222;Premier<\/b> <b>Swingtett&#8220;<\/b> oder das Gitarrenduo <b>&#8222;Gitarresque&#8220;<\/b> ins Leben zu rufen. K\u00fcrzlich erschien mein Buch &#8222;Stompin&#8216; Guitar, Grundlagen der Rhyhtmusgitarre f\u00fcr Big Band, Combo und Orchester&#8220;, das sich zu einem Standardwerk zu diesem Thema entwickelt. Schwerpunkte meines Unterrichts sind neben didaktisch aufgebauten Grundlagen das gemeinsame Erleben, das Spielerische sowie das Kommunikative der (Jazz-)Musik.<\/p><p class=\"bodytext\" lang=\"zxx\"><b><a class=\"linkExt\" href=\"http:\/\/www.uli-hoffmeier.de\/en\/\" target=\"_blank\" rel=\"noopener\"><img decoding=\"async\" src=\"http:\/\/www.uli-hoffmeier.de\/51\/fileadmin\/uli-templates\/link_ext.gif\" alt=\"\" width=\"8\" height=\"8\" border=\"0\" \/><\/a><\/b><a class=\"linkExt\" href=\"http:\/\/www.uli-hoffmeier.de\/en\/\" target=\"_blank\" rel=\"noopener\">\u00a0www.uli-hoffm<\/a><a class=\"linkExt\" href=\"http:\/\/www.uli-hoffmeier.de\/en\/\" target=\"_blank\" rel=\"noopener\">eier.de<\/a><\/p>\t\t\t\t\t\t\t\t<\/div>\n\t\t\t\t<\/div>\n\t\t\t\t<div class=\"elementor-element elementor-element-8254171 elementor-widget elementor-widget-spacer\" data-id=\"8254171\" data-element_type=\"widget\" data-e-type=\"widget\" data-widget_type=\"spacer.default\">\n\t\t\t\t<div class=\"elementor-widget-container\">\n\t\t\t\t\t\t\t<div class=\"elementor-spacer\">\n\t\t\t<div class=\"elementor-spacer-inner\"><\/div>\n\t\t<\/div>\n\t\t\t\t\t\t<\/div>\n\t\t\t\t<\/div>\n\t\t\t\t<div class=\"elementor-element elementor-element-d1c2fde elementor-widget elementor-widget-text-editor\" data-id=\"d1c2fde\" data-element_type=\"widget\" data-e-type=\"widget\" data-widget_type=\"text-editor.default\">\n\t\t\t\t<div class=\"elementor-widget-container\">\n\t\t\t\t\t\t\t\t\t<h4 class=\"western\" lang=\"zxx\" align=\"JUSTIFY\"><b>Location<\/b><\/h4><p class=\"bodytext\"><span lang=\"zxx\">Das Hotel The Originals Val Baussenc <\/span><span lang=\"zxx\"><b>(<a class=\"linkExt\" href=\"http:\/\/www.valbaussenc.com\/\" target=\"_blank\" rel=\"noopener\"><img decoding=\"async\" src=\"http:\/\/www.uli-hoffmeier.de\/51\/fileadmin\/uli-templates\/link_ext.gif\" alt=\"\" width=\"8\" height=\"8\" border=\"0\" \/><\/a><\/b><a class=\"linkExt\" href=\"http:\/\/www.valbaussenc.com\/\" target=\"_blank\" rel=\"noopener\">\u00a0http:\/\/www.valbausse<\/a><a class=\"linkExt\" href=\"http:\/\/www.valbaussenc.com\/\" target=\"_blank\" rel=\"noopener\">nc.com<\/a>)<\/span><span lang=\"zxx\">, in dem wir nun schon zum 12. mal logieren, befindet sich am \u00f6stlichen Ortsausgang von Maussane-Les-Alpilles, einem typischen, provenzalischen Ort am Rand der Alpilles. Das Drei-Sterne-Haus ist umgeben von Olivenb\u00e4umen und Pappeln und liegt ruhig und zur\u00fcckgesetzt von der Stra\u00dfe und wenige Gehminuten vom Dorfzentrum entfernt. Die 25 Zimmer (zwei als behindertengerecht ausgewiesen) haben entweder ein gro\u00dfes Franz\u00f6sisches Bett oder zwei Einzelbetten (Twins) und bieten Ausblick ins Gr\u00fcne. Der park\u00e4hnliche Au\u00dfenbereich bietet einen beheizten Pool sowie Sauna bzw. Hamam. <\/span><\/p><p class=\"bodytext\" lang=\"zxx\">Vom Restaurant hat man einen sch\u00f6nen Blick in den Garten und beim abendlichen Vier-Gang-Men\u00fc (Vorspeise, Hauptgang, K\u00e4se, Dessert, incl. Weiss-, Ros\u00e9- und Rotwein sowie Kaffee!) \u00fcberzeugt die K\u00fcche mit typisch provenzalischen K\u00f6stlichkeiten.<\/p><p class=\"bodytext\" lang=\"zxx\"><a name=\"FALINK_1_0_02\"><\/a><\/p><p class=\"bodytext\" lang=\"zxx\">Es k\u00f6nnen selbstverst\u00e4ndlich auch vegetarische oder vegane Hauptgerichte gew\u00e4hlt werden. Eine schmucke Terrasse, dicht umwuchert von Weinreben, l\u00e4dt zum Jammen, Kl\u00f6nen und Fachsimpeln beim nachmitt\u00e4glichen Pastis ein. Die Lobby und das Restaurant bieten Platz f\u00fcr den t\u00e4glichen Unterricht.<\/p><p class=\"bodytext\" lang=\"zxx\">Das Hotel besitzt eine Bar, die uns zu moderaten Preisen ausreichend mit Getr\u00e4nken versorgt, dar\u00fcber akurat Buch f\u00fchrt und am Ende der Woche jedem Teilnehmer eine Rechnung \u00fcber diese zus\u00e4tzlich konsumierten Getr\u00e4nke pr\u00e4sentiert, die nat\u00fcrlich nicht inkludiert sind und individuell bezahlt werden m\u00fcssen.<\/p><p class=\"bodytext\" lang=\"zxx\">Die Alpilles sind ein 12 Kilometer s\u00fcdlich von Avignon gelegener H\u00f6henzug, der die n\u00f6rdlich gelegene, kleine Crau von der eigentlichen, s\u00fcdlich gelegenen Crau trennt, die in die Carmargue \u00fcbergeht. Maussane hat einen idyllischen Marktplatz mit w\u00f6chentlichem Markttag und eine Oliven\u00f6lm\u00fchle, die eines der besten \u00d6le Frankreichs produziert. In der N\u00e4he gibt es zahlreiche Weing\u00fcter, die teilweise sehr hochwertige (und mitunter auch hochpreisige) Weine keltern. Am 50 km entfernten Mittelmeerstrand liegt das St\u00e4dtchen Les-Saintes-Maries-de-la-Mer, in dem Django Reinhardt mehrmals aus Anla\u00df der j\u00e4hrlich dort stattfindenden Zigeunerfeste weilte. Das an der Rhone gelegene Arles mit der r\u00f6mischen Arena erreicht man in wenigen Minuten und der weltber\u00fchmte, 2000 Jahre alte Pont-du-Gard ist eine Autostunde entfernt. Die auf Maussane schauende, mittelalterliche Ruine der Raubritterburg Les Baux liegt linkerhand auf dem Weg nach Avignon, das u.a. ber\u00fchmt ist f\u00fcr Papstpalst, Stadtmauer und die vielbesungene Br\u00fccke. Vorher passiert man St. R\u00e9my, wo Nostradamus lebte, Van Ghogh einige seiner ber\u00fchmtesten Bilder malte und die griechische (!) Ruinenstadt &#8222;Glanum&#8220; zu bewundern ist.<\/p><p class=\"bodytext\"><b>The course<\/b><\/p><p class=\"bodytext\">Am Anreisetag (Sonntag, den 18.10.2020) treffen wir uns vor dem gemeinsamen Abendessen um ca. 19.00 Uhr zum Kennenlernen und Austausch eventuell noch n\u00f6tiger Informationen. Der erste Unterricht findet am Montag, den 19. Oktober, statt; letzter Kurstag ist Samstag, der 24. Oktober, Abfahrt am Sonntag, den 25.10.2020 nach dem Fr\u00fchst\u00fcck.<\/p><p class=\"bodytext\" lang=\"zxx\">Eventuell besteht wie in den Jahren zuvor die M\u00f6glichkeit, ab Freitag zu sehr g\u00fcnstigen Bedingungen im Hotel einzuchecken. Darum mu\u00df sich unter der angegebenen Adresse bitte jeder selber k\u00fcmmern und auch selbst bezahlen.<\/p><p class=\"bodytext\">Der Unterricht findet statt:<\/p><p class=\"bodytext\">Montag, Dienstag, Donnerstag, Freitag und Samstag von 10.00 &#8211; 13.00 Uhr.<\/p><p class=\"bodytext\">Mittwoch von 14.00 bis 17.00 (wegen des gemeinsamen Besuches des provencalischen Marktes in St. R\u00e9my am Vormittag).<\/p><p class=\"bodytext\" lang=\"zxx\">Das t\u00e4gliche, halbst\u00fcndige &#8222;Eingrooven&#8220; mit J\u00fcrgen Haufer richtet sich an alle, ausdr\u00fccklich auch alle mitreisenden Partnerinnen und Partner, Kinder und\/oder Enkelkinder und findet t\u00e4glich um 9:30 statt.<\/p><p class=\"bodytext\" lang=\"zxx\">Das ebenfalls von J\u00fcrgen Haufer geleitete &#8222;Singen f\u00fcr alle&#8220; vermittelt denen, die noch wenig Erfahrung mit ihrer Stimme haben, Spa\u00df und Sicherheit durch Grund\u00fcbungen z.B. zu Intonation und Klang. &#8222;Alten Hasen&#8220; (und H\u00e4sinnen) der Sangeskunst erm\u00f6glicht die Stunde, die t\u00e4glich \u2013 au\u00dfer am Samstag \u2013 von 18:00 bis 19:00 stattfindet, an Ausdruck und Technik zu arbeiten. Eine Darbietung beim Abschlu\u00dfkonzert ist nicht zwingend vorgesehen.<\/p><p class=\"bodytext\" lang=\"zxx\">Die von Malibu Gordes angeleitete Session findet t\u00e4glich \u2013 au\u00dfer am Samstag \u2013 von 17:00-18:00 statt. Diese Gruppe wird beim Abschlu\u00dfkonzert dem Publikum einen Einblick geben, wie eine Session funktioniert und warum es weniger um fertige Ergebnisse als um Interaktion und Spontaneit\u00e4t geht, trotz gemeinsamer Absprachen zu Thema, Tonart und Stil, zweiten Stimmen oder Riffs, verschiedenen M\u00f6glichkeiten der Begleitung oder L\u00e4nge und Reihenfolge der Solisten.<\/p><p class=\"bodytext\" lang=\"zxx\">Wie bisher wird es zwei (ann\u00e4hernd) gleich gro\u00dfe Unterrichtsgruppen geben, die jedoch nicht ausschlie\u00dflich nach &#8222;K\u00f6nnen&#8220; oder &#8222;Wissen&#8220; sondern auf grund meiner Erfahrung und Einsch\u00e4tzung zusammengestellt werden. <b>Achtung! Neu!<\/b> Die Gruppen werden abwechselnd durch Ba\u00df und Schlagzeug unterst\u00fctzt um ein realit\u00e4tsnahes Spielgef\u00fchl in einer Combo zu erreichen. Nat\u00fcrlich kann jeder Teilnehmer seine Gruppe vor Beginn des Kurses aus pers\u00f6nlichen Gr\u00fcnden wechseln, sofern kein zu gro\u00dfes zahlenm\u00e4\u00dfiges Ungleichgewicht entsteht! Die Gruppen wechseln den Dozenten zur Halbzeit, damit jeder Teilnehmer genauso lange Unterricht bei James wie bei mir hat.<\/p><p class=\"bodytext\" lang=\"zxx\">Unterrichtssprache bei James ist Englisch, bei mir \u201eFradenglisch\u201c (Franz\u00f6sich-Deutsch-Englisch).<\/p><p class=\"bodytext\" lang=\"zxx\">Wie in jedem Jahr gibt es auch diesmal wieder viel Gelegenheit f\u00fcr spontane Sessions am Nachmittag und am Abend nach dem Essen!<\/p><p class=\"bodytext\" lang=\"zxx\">Die Tradition des &#8222;Kulturbeitrages&#8220; w\u00e4hrend des Abendessens (meist vor dem Dessert) wird auch in diesem Jahr beibehalten unter \u2013 ebenfalls wir bisher &#8211; strengster Ber\u00fccksichtigung des Zufallsprinzips bei der Auswahl der Beteiligten (Alle bisherigen Teilnehmer wissen, was ich meine&#8230;).<\/p><p class=\"bodytext\" lang=\"zxx\">Am Samstag Abend findet \u2013 unterst\u00fctzt durch die Stadt Maussane und unser Hotel &#8211; das \u00f6ffentliche Abschlu\u00dfkonzert unter (freiwilliger) Mitwirkung aller Teilnehmer statt, in dem u.a. die Ergebnisse des Workshops pr\u00e4sentiert werden und wir zusammen musizieren. Der Zuspruch in der Bev\u00f6lkerung hat dabei \u00fcber die Jahre konstant zugenommen.<\/p><p class=\"bodytext\" lang=\"zxx\">Please bring a music stand, guitar amplifier, cables, secondary instruments, etc. if required.<\/p><h4 class=\"western\" lang=\"zxx\"><b>Teilnahmebedingungen:<\/b><\/h4><p class=\"bodytext\" lang=\"zxx\"><b>Anmeldefrist: <\/b>20. Juli 2020<\/p><p class=\"bodytext\" lang=\"zxx\"><b>Kosten: <\/b>1080,00 \u20ac pro Person bei Einzelzimmerbelegung,<\/p><p class=\"bodytext\" lang=\"zxx\">1420,00 \u20ac f\u00fcr zwei Personen im Doppelzimmer (ein aktiver, ein mitreisender Teilnehmer) <b><br \/><\/b>Die Teilnahmegeb\u00fchr beinhaltet Kursgeb\u00fchr, Beiprogramm (morgendliches Eingrooven, nachmitt\u00e4gliches &#8222;Singen f\u00fcr alle&#8220; sowie die &#8222;gef\u00fchrte Session&#8220;) sowie Hotelkosten mit Halbpension (Fr\u00fchst\u00fcck und abendliches Viergangmenu incl. Wein und Caf\u00e9) f\u00fcr 7 N\u00e4chte vom 18.10.2020 (Anreisetag) bis 25.10.2020 (Abreisetag).<\/p><p class=\"bodytext\" lang=\"zxx\">Die Teilnehmer erkl\u00e4ren sich ausdr\u00fccklich damit einverstanden, da\u00df ihre Anmeldedaten wie Email, Telefon und Adresse untereinander bekanntgegeben und ausgetauscht werden d\u00fcrfen um z.B. eine gemeinsame Anreise zu organisieren oder abzukl\u00e4ren, wer welche zus\u00e4tzlichen Instrumente mitbringt. Auch der m\u00f6glichen Ver\u00f6ffentlichung von Fotos, Videos oder Audioaufnahmen sowie die Benutzung von eigenen, der Gruppe zu Verf\u00fcgung gestellten Mediendaten wird ausdr\u00fccklich zugestimmt.<\/p><p class=\"bodytext\" lang=\"zxx\"><b><br \/>\u00dcberweisung der Teilnahmegeb\u00fchr bitte auf das Konto:<br \/><\/b>Ulrich Hoffmeier, Postbank Berlin<br \/>IBAN: DE24 1001 0010 0189 5451 04<br \/><a name=\"FALINK_3_0_2\"><\/a><a name=\"FALINK_1_0_01\"><\/a>BIC: PBNKDEFF<\/p><p class=\"bodytext\" lang=\"zxx\"><br \/><b>Anspruch auf Teilnahme entsteht erst nach Eingang der \u00dcberweisung und nur bei bestehendem Platzangebot streng nach Reihenfolge der Anmeldungen\/\u00dcberweisungen (first come first serve). Ich behalte mir vor, Teilnehmern ab zu sagen. Es besteht kein verbindlicher Anspruch auf die hier beschriebenen Inhalte des Kurses oder die Auswahl der Dozenten. <\/b><\/p><h4 class=\"western\" align=\"LEFT\"><b><span lang=\"zxx\">Cancellation Policy<\/span><\/b><\/h4><p class=\"bodytext\" lang=\"zxx\">Im Falle eines R\u00fccktritts bis zum 20. Juli 2020 wird die komplette Kursgeb\u00fchr abz\u00fcglich 30,- \u20ac Bearbeitungsgeb\u00fchr zur\u00fcckerstattet. Bei einem R\u00fccktritt nach dem 20. Juli 2020 wird die Teilnahmegeb\u00fchr in voller H\u00f6he verrechnet &#8211; es sei denn, ein von mir akzeptierter Ersatzteilnehmer wird benannt, der den Kursplatz \u00fcbernimmt. Sollte der Kurs abgesagt werden m\u00fcssen, wird die Teilnahmegeb\u00fchr komplett zur\u00fcckerstattet. Die maximale Teilnehmerzahl ist auf 22 Personen angesetzt, kann aber u.U. auch erh\u00f6ht werden. Mit der \u00dcberweisung werden die Teilnahmebdingungen akzeptiert.<\/p><p class=\"bodytext\" lang=\"zxx\"><span lang=\"zxx\"><b>Registration<\/b><\/span><b><\/b><\/p><p class=\"bodytext\" lang=\"zxx\"><a name=\"FALINK_6_0_5\"><\/a><\/p><p>per Post an Ulrich Hoffmeier, Elchdamm 200, Block III, Parzelle 17, D-13503 Berlin, Germany<\/p><p class=\"western\" lang=\"zxx\" align=\"JUSTIFY\">oder Email an <a class=\"linkMailto\" href=\"mailto:uli_hoffmeier@yahoo.de\"><img decoding=\"async\" src=\"http:\/\/www.uli-hoffmeier.de\/51\/fileadmin\/uli-templates\/link_mailto.gif\" alt=\"\" width=\"11\" height=\"8\" border=\"0\" \/>\u00a0uli_hoffmeier@yahoo.de<\/a>,<\/p><p class=\"western\" lang=\"zxx\" align=\"JUSTIFY\">weitere Infos unter: www.uli-hoffmeier.de<\/p><p class=\"western\" lang=\"zxx\" align=\"JUSTIFY\">www.facebook.com\/workshop-Jazzguitar-Provence-1416169921977071\/<\/p><ul><li>Name:<\/li><li lang=\"zxx\">Anschrift:<\/li><li lang=\"zxx\">Telefon\/E-Mail:<\/li><li lang=\"zxx\">Personenanzahl:<\/li><li lang=\"zxx\">Datum, Unterschrift:<\/li><\/ul><p lang=\"zxx\">\u00a0<\/p><p class=\"bodytext\" lang=\"zxx\"><b>Ich habe die Teilnahmebedingungen gelesen und akzeptiert.<\/b><\/p>\t\t\t\t\t\t\t\t<\/div>\n\t\t\t\t<\/div>\n\t\t\t\t\t<\/div>\n\t\t\t\t<\/div>\n\t\t\t\t<\/div>","protected":false},"excerpt":{"rendered":"<p>16. Workshop Jazzguitar Provence 2020 Der &#8222;Workshop Jazzguitar Provence 2020&#8220; mu\u00dfte wegen den Coronama\u00dfnahmen abgesagt werden. Hier die urspr\u00fcngliche Ausschreibung: 16.Workshop Jazzguitar Provence 2020 Anmeldung &#8211; Application \u2013 Inscription (English see below) Organisiert und durchgef\u00fchrt von Uli Hoffmeier (Berlin), mit special guest James Chirillo (New York), sowie dem Vocalcoach und Chorleiter J\u00fcrgen Haufer (K\u00f6ln), Gitarrist [&hellip;]<\/p>\n","protected":false},"author":1,"featured_media":0,"parent":128,"menu_order":0,"comment_status":"closed","ping_status":"closed","template":"elementor_header_footer","meta":{"footnotes":""},"class_list":["post-806","page","type-page","status-publish","hentry"],"_links":{"self":[{"href":"https:\/\/www.uli-hoffmeier.de\/en\/wp-json\/wp\/v2\/pages\/806","targetHints":{"allow":["GET"]}}],"collection":[{"href":"https:\/\/www.uli-hoffmeier.de\/en\/wp-json\/wp\/v2\/pages"}],"about":[{"href":"https:\/\/www.uli-hoffmeier.de\/en\/wp-json\/wp\/v2\/types\/page"}],"author":[{"embeddable":true,"href":"https:\/\/www.uli-hoffmeier.de\/en\/wp-json\/wp\/v2\/users\/1"}],"replies":[{"embeddable":true,"href":"https:\/\/www.uli-hoffmeier.de\/en\/wp-json\/wp\/v2\/comments?post=806"}],"version-history":[{"count":19,"href":"https:\/\/www.uli-hoffmeier.de\/en\/wp-json\/wp\/v2\/pages\/806\/revisions"}],"predecessor-version":[{"id":979,"href":"https:\/\/www.uli-hoffmeier.de\/en\/wp-json\/wp\/v2\/pages\/806\/revisions\/979"}],"up":[{"embeddable":true,"href":"https:\/\/www.uli-hoffmeier.de\/en\/wp-json\/wp\/v2\/pages\/128"}],"wp:attachment":[{"href":"https:\/\/www.uli-hoffmeier.de\/en\/wp-json\/wp\/v2\/media?parent=806"}],"curies":[{"name":"wp","href":"https:\/\/api.w.org\/{rel}","templated":true}]}}